{"id":9622,"date":"2025-09-04T11:51:29","date_gmt":"2025-09-04T09:51:29","guid":{"rendered":"https:\/\/coverseal-com.poush-dev.be\/project\/lete-chez-les-sequoias\/"},"modified":"2026-04-28T10:29:06","modified_gmt":"2026-04-28T08:29:06","slug":"verano-en-los-sequoias","status":"publish","type":"project","link":"https:\/\/www.coverseal.com\/es\/project\/verano-en-los-sequoias\/","title":{"rendered":"Verano en Los Sequoias"},"content":{"rendered":"<p>[et_pb_section fb_built=\u00bb1&#8243; _builder_version=\u00bb4.27.4&#8243; _module_preset=\u00bbdefault\u00bb global_colors_info=\u00bb{}\u00bb][et_pb_row column_structure=\u00bb1_2,1_2&#8243; make_equal=\u00bbon\u00bb module_class=\u00bbcustom-align-vertical-reverse\u00bb _builder_version=\u00bb4.27.4&#8243; _module_preset=\u00bbdefault\u00bb global_colors_info=\u00bb{}\u00bb][et_pb_column type=\u00bb1_2&#8243; _builder_version=\u00bb4.27.4&#8243; _module_preset=\u00bbdefault\u00bb global_colors_info=\u00bb{}\u00bb][et_pb_text _builder_version=\u00bb4.27.5&#8243; _module_preset=\u00bbdefault\u00bb header_2_text_color=\u00bbgcid-secondary-color\u00bb global_colors_info=\u00bb{%22gcid-secondary-color%22:%91%22header_2_text_color%22%93}\u00bb]<\/p>\n<h2><em><span>Lo que realmente importa<\/span><\/em><\/h2>\n<div class=\"ewa-rteLine\"><span fontscheme=\"2\">Siendo padres y preocupados por acoger familias, Magalie y su pareja han hecho de la <\/span><strong fontscheme=\"2\">seguridad<\/strong><span fontscheme=\"2\"> una prioridad absoluta. <em>\u201cNo se nos pasa por la cabeza tener una piscina sin una verdadera protecci\u00f3n para los ni\u00f1os.\u201d<\/em><\/span><\/div>\n<div class=\"ewa-rteLine\">\n<p><span fontscheme=\"2\"><br \/>Pero su exigencia iba m\u00e1s all\u00e1. Para Magalie, cada elemento del alojamiento deb\u00eda integrarse en una continuidad <\/span><strong fontscheme=\"2\">est\u00e9tica<\/strong><span fontscheme=\"2\">. El m\u00e1s m\u00ednimo detalle deb\u00eda prolongar la autenticidad del lugar sin romper el equilibrio visual.<\/p>\n<p><\/span><span fontscheme=\"2\">Por \u00faltimo, la <\/span><strong fontscheme=\"2\">facilidad de uso<\/strong><span fontscheme=\"2\"> era esencial. Con una clientela variada, era necesario una soluci\u00f3n intuitiva que cada nuevo hu\u00e9sped pudiera manejar f\u00e1cilmente. Y para los propietarios, la gesti\u00f3n de la piscina deb\u00eda ser fluida y sin complicaciones, incluso durante el inicio de cada temporada.<\/span><\/div>\n<p>[\/et_pb_text][\/et_pb_column][et_pb_column type=\u00bb1_2&#8243; _builder_version=\u00bb4.27.4&#8243; _module_preset=\u00bbdefault\u00bb global_colors_info=\u00bb{}\u00bb][et_pb_image src=\u00bbhttps:\/\/www.coverseal.com\/wp-content\/uploads\/2026\/04\/61.jpg\u00bb alt=\u00bbVue a\u00e9rienne d\u2019une maison en pierre avec piscine \u00e9quip\u00e9e d\u2019une couverture Coverseal grise, int\u00e9gr\u00e9e harmonieusement dans la terrasse en pierre claire.\u00bb title_text=\u00bb61&#8243; _builder_version=\u00bb4.27.5&#8243; _module_preset=\u00bbdefault\u00bb global_colors_info=\u00bb{}\u00bb][\/et_pb_image][\/et_pb_column][\/et_pb_row][et_pb_row column_structure=\u00bb1_2,1_2&#8243; make_equal=\u00bbon\u00bb module_class=\u00bbcustom-align-vertical\u00bb _builder_version=\u00bb4.27.4&#8243; _module_preset=\u00bbdefault\u00bb global_colors_info=\u00bb{}\u00bb][et_pb_column type=\u00bb1_2&#8243; _builder_version=\u00bb4.27.4&#8243; _module_preset=\u00bbdefault\u00bb global_colors_info=\u00bb{}\u00bb][et_pb_image src=\u00bbhttps:\/\/www.coverseal.com\/wp-content\/uploads\/2026\/04\/60.jpg\u00bb alt=\u00bbGros plan sur l&#8217;habillage de la Coverseal grise au bord de la piscine, avec en arri\u00e8re-plan les transats et la maison en pierre.\u00bb title_text=\u00bb60&#8243; _builder_version=\u00bb4.27.5&#8243; _module_preset=\u00bbdefault\u00bb global_colors_info=\u00bb{}\u00bb][\/et_pb_image][\/et_pb_column][et_pb_column type=\u00bb1_2&#8243; _builder_version=\u00bb4.27.4&#8243; _module_preset=\u00bbdefault\u00bb global_colors_info=\u00bb{}\u00bb][et_pb_text _builder_version=\u00bb4.27.5&#8243; _module_preset=\u00bbdefault\u00bb header_2_text_color=\u00bbgcid-secondary-color\u00bb global_colors_info=\u00bb{%22gcid-secondary-color%22:%91%22header_2_text_color%22%93}\u00bb]<\/p>\n<h2><em>L<span>a soluci\u00f3n a medida<\/span><\/em><\/h2>\n<div class=\"ewa-rteLine\">\n<p><span fontscheme=\"2\">Magalie y su pareja han optado por el <\/span><strong fontscheme=\"2\">modelo Autom\u00e1tico <\/strong><span fontscheme=\"2\">de la Coverseal, atra\u00eddos por su capacidad de combinar una <\/span><strong fontscheme=\"2\">est\u00e9tica cuidada<\/strong><span fontscheme=\"2\"> con una <\/span><strong fontscheme=\"2\">seguridad \u00f3ptima<\/strong><span fontscheme=\"2\">. La cubierta ha sido seleccionada en el tono exacto de las persianas del alojamiento, creando una continuidad visual con la fachada. <em>\u201cLa Coverseal est\u00e1 perfectamente integrada en el entorno y en relaci\u00f3n con la casa.\u201d<\/p>\n<p><\/em><\/span><span fontscheme=\"2\">Pensada para un uso compartido, se ha preferido el <\/span><strong fontscheme=\"2\">mando con cable<\/strong><span fontscheme=\"2\">: f\u00e1cil de manejar para los vacacionistas, permite una apertura r\u00e1pida y siempre controlada. Y gracias a su <\/span><strong fontscheme=\"2\">membrana perfectamente tensada<\/strong><span fontscheme=\"2\">, la Coverseal mantiene el agua limpia y protegida, reduciendo el mantenimiento. Un detalle esencial en un lugar dise\u00f1ado para acoger hu\u00e9spedes.<\/span><\/div>\n<p>[\/et_pb_text][\/et_pb_column][\/et_pb_row][et_pb_row _builder_version=\u00bb4.27.4&#8243; _module_preset=\u00bbdefault\u00bb custom_margin=\u00bb||0px||false|false\u00bb global_colors_info=\u00bb{}\u00bb][et_pb_column type=\u00bb4_4&#8243; _builder_version=\u00bb4.27.4&#8243; _module_preset=\u00bbdefault\u00bb global_colors_info=\u00bb{}\u00bb][et_pb_text _builder_version=\u00bb4.27.5&#8243; _module_preset=\u00bbdefault\u00bb header_2_text_color=\u00bbgcid-secondary-color\u00bb max_width=\u00bb990px\u00bb custom_margin=\u00bb||50px||false|false\u00bb global_colors_info=\u00bb{%22gcid-secondary-color%22:%91%22header_2_text_color%22%93}\u00bb]<\/p>\n<h2><em><span>Vida cotidiana simplificada, placer preservado<\/span><\/em><\/h2>\n<div class=\"ewa-rteLine\">\n<p><span fontscheme=\"2\">Hoy, la piscina recibe a los hu\u00e9spedes en las mejores condiciones: <\/span><strong fontscheme=\"2\">limpia, protegida<\/strong><span fontscheme=\"2\">, y <\/span><strong fontscheme=\"2\">perfectamente integrada<\/strong><span fontscheme=\"2\"> en el entorno. <em>\u00abCoverseal, para nosotros, es realmente la protecci\u00f3n ideal.\u00bb<\/em><\/p>\n<p><\/span><span fontscheme=\"2\">Desde su instalaci\u00f3n, Magalie ha notado una marcada diferencia: un <\/span><strong fontscheme=\"2\">mantenimiento<\/strong><span fontscheme=\"2\"> considerablemente <\/span><strong fontscheme=\"2\">menor<\/strong><span fontscheme=\"2\">, necesidades de productos reducidas a la mitad, un menor consumo de agua y una bomba de calor mucho menos solicitada. Todos estos ahorros reducen el impacto medioambiental del alojamiento al tiempo que simplifican su gesti\u00f3n diaria.<\/span><\/div>\n<p>[\/et_pb_text][\/et_pb_column][\/et_pb_row][et_pb_row custom_padding_last_edited=\u00bbon|phone\u00bb _builder_version=\u00bb4.27.4&#8243; _module_preset=\u00bbdefault\u00bb custom_margin=\u00bb||0px||false|false\u00bb custom_padding=\u00bb0px|0px|0px|0px|true|true\u00bb custom_padding_tablet=\u00bb0px|0px|0px|0px|true|true\u00bb custom_padding_phone=\u00bb|0px||0px|true|true\u00bb global_colors_info=\u00bb{}\u00bb][et_pb_column type=\u00bb4_4&#8243; _builder_version=\u00bb4.27.4&#8243; _module_preset=\u00bbdefault\u00bb global_colors_info=\u00bb{}\u00bb][dsm_image_carousel gallery_ids=\u00bb11217,11214,11211,11208,11205,11202,11199&#8243; sizes=\u00bbet-pb-portfolio-image\u00bb use_arrow_custom_position=\u00bbon\u00bb arrow_custom_position=\u00bb-54px\u00bb arrow_prev=\u00bbon\u00bb arrow_prev_font_icon=\u00bb&#x23;||divi||400&#8243; arrow_next=\u00bbon\u00bb arrow_next_font_icon=\u00bb&#x24;||divi||400&#8243; arrow_size=\u00bb30px\u00bb arrow_color=\u00bbgcid-secondary-color\u00bb arrow_background_color=\u00bbgcid-primary-color\u00bb dots_horizontal_placement=\u00bb-46px\u00bb dots_active_color=\u00bbgcid-secondary-color\u00bb slide_to_show_tablet=\u00bb2&#8243; slide_to_show_phone=\u00bb1&#8243; slide_to_show_last_edited=\u00bbon|phone\u00bb arrow_custom_position_tablet=\u00bb-28px\u00bb arrow_custom_position_phone=\u00bb-28px\u00bb arrow_custom_position_last_edited=\u00bbon|tablet\u00bb arrow_size_tablet=\u00bb23px\u00bb arrow_size_phone=\u00bb23px\u00bb arrow_size_last_edited=\u00bbon|tablet\u00bb admin_label=\u00bbSupreme Image Carousel\u00bb _builder_version=\u00bb4.27.5&#8243; _module_preset=\u00bbdefault\u00bb custom_padding=\u00bb||||false|true\u00bb border_radii_arrow=\u00bbon|90px|90px|90px|90px\u00bb global_colors_info=\u00bb{%22gcid-secondary-color%22:%91%22dots_active_color%22,%22arrow_color%22%93,%22gcid-primary-color%22:%91%22arrow_background_color%22%93}\u00bb][\/dsm_image_carousel][et_pb_button button_url=\u00bbhttps:\/\/www.coverseal.com\/es\/proyectos\/?_gl=1*1vlg9s3*_up*MQ..*_ga*NDg2MDU3NzQ1LjE3NjU5Nzg4MzQ.*_ga_1M41YRKMXD*czE3NjU5Nzg4MzMkbzEkZzEkdDE3NjU5Nzg5MDgkajYwJGwwJGgyOTM0MDMzNTI.\u00bb button_text=\u00bbDescubra todos nuestros proyectos\u00bb button_alignment=\u00bbright\u00bb button_alignment_tablet=\u00bbcenter\u00bb button_alignment_phone=\u00bbcenter\u00bb button_alignment_last_edited=\u00bbon|tablet\u00bb _builder_version=\u00bb4.27.5&#8243; _module_preset=\u00bbdefault\u00bb custom_margin=\u00bb0px||||false|false\u00bb locked=\u00bboff\u00bb global_colors_info=\u00bb{}\u00bb][\/et_pb_button][\/et_pb_column][\/et_pb_row][\/et_pb_section]<\/p>\n","protected":false},"excerpt":{"rendered":"<p>Ubicado en un antiguo castillo vin\u00edcola, renovado con el esp\u00edritu de las viviendas de Entre Deux Mers, Les S\u00e9quo\u00efas es un alojamiento con encanto que recibe cada temporada a numerosos vacacionistas. Situado cerca de Burdeos, en Francia, este alojamiento es el lugar ideal para disfrutar de una estancia tranquila en pleno coraz\u00f3n de la naturaleza.<br \/>\nApasionada por la renovaci\u00f3n y la decoraci\u00f3n, Magalie es la creadora de este proyecto, para el cual ha imaginado un acogedor hogar familiar donde cada detalle ha sido pensado para combinar est\u00e9tica, confort y autenticidad.<br \/>\nEn este entorno tranquilo, la piscina se integra de manera natural, prolongando la armon\u00eda del lugar entre la piedra, la vegetaci\u00f3n y la serenidad.<\/p>\n","protected":false},"author":11,"featured_media":11219,"comment_status":"closed","ping_status":"closed","template":"","meta":{"_et_pb_use_builder":"on","_et_pb_old_content":"","_et_gb_content_width":"","footnotes":""},"project_category":[],"project_tag":[],"class_list":["post-9622","project","type-project","status-publish","has-post-thumbnail","hentry"],"yoast_head":"<!-- This site is optimized with the Yoast SEO plugin v27.5 - https:\/\/yoast.com\/product\/yoast-seo-wordpress\/ -->\n<title>Verano en Los Sequoias | Coverseal<\/title>\n<meta name=\"description\" content=\"Ubicado en un antiguo castillo vin\u00edcola, renovado con el esp\u00edritu de las viviendas de Entre Deux Mers, Les S\u00e9quo\u00efas es un alojamiento con encanto que recibe cada temporada a numerosos vacacionistas.\" \/>\n<meta name=\"robots\" content=\"index, follow, max-snippet:-1, max-image-preview:large, max-video-preview:-1\" \/>\n<link rel=\"canonical\" href=\"https:\/\/www.coverseal.com\/es\/project\/verano-en-los-sequoias\/\" \/>\n<meta property=\"og:locale\" content=\"es_ES\" \/>\n<meta property=\"og:type\" content=\"article\" \/>\n<meta property=\"og:title\" content=\"Verano en Los Sequoias | Coverseal\" \/>\n<meta property=\"og:description\" content=\"Ubicado en un antiguo castillo vin\u00edcola, renovado con el esp\u00edritu de las viviendas de Entre Deux Mers, Les S\u00e9quo\u00efas es un alojamiento con encanto que recibe cada temporada a numerosos vacacionistas.\" \/>\n<meta property=\"og:url\" content=\"https:\/\/www.coverseal.com\/es\/project\/verano-en-los-sequoias\/\" \/>\n<meta property=\"og:site_name\" content=\"Coverseal\" \/>\n<meta property=\"article:modified_time\" content=\"2026-04-28T08:29:06+00:00\" \/>\n<meta property=\"og:image\" content=\"https:\/\/www.coverseal.com\/wp-content\/uploads\/2026\/04\/62.jpg\" \/>\n\t<meta property=\"og:image:width\" content=\"1200\" \/>\n\t<meta property=\"og:image:height\" content=\"800\" \/>\n\t<meta property=\"og:image:type\" content=\"image\/jpeg\" \/>\n<meta name=\"twitter:card\" content=\"summary_large_image\" \/>\n<meta name=\"twitter:label1\" content=\"Tiempo de lectura\" \/>\n\t<meta name=\"twitter:data1\" content=\"4 minutos\" \/>\n<script type=\"application\/ld+json\" class=\"yoast-schema-graph\">{\"@context\":\"https:\\\/\\\/schema.org\",\"@graph\":[{\"@type\":\"WebPage\",\"@id\":\"https:\\\/\\\/www.coverseal.com\\\/es\\\/project\\\/verano-en-los-sequoias\\\/\",\"url\":\"https:\\\/\\\/www.coverseal.com\\\/es\\\/project\\\/verano-en-los-sequoias\\\/\",\"name\":\"Verano en Los Sequoias | Coverseal\",\"isPartOf\":{\"@id\":\"https:\\\/\\\/www.coverseal.com\\\/es\\\/#website\"},\"primaryImageOfPage\":{\"@id\":\"https:\\\/\\\/www.coverseal.com\\\/es\\\/project\\\/verano-en-los-sequoias\\\/#primaryimage\"},\"image\":{\"@id\":\"https:\\\/\\\/www.coverseal.com\\\/es\\\/project\\\/verano-en-los-sequoias\\\/#primaryimage\"},\"thumbnailUrl\":\"https:\\\/\\\/www.coverseal.com\\\/wp-content\\\/uploads\\\/2026\\\/04\\\/62.jpg\",\"datePublished\":\"2025-09-04T09:51:29+00:00\",\"dateModified\":\"2026-04-28T08:29:06+00:00\",\"description\":\"Ubicado en un antiguo castillo vin\u00edcola, renovado con el esp\u00edritu de las viviendas de Entre Deux Mers, Les S\u00e9quo\u00efas es un alojamiento con encanto que recibe cada temporada a numerosos vacacionistas.\",\"breadcrumb\":{\"@id\":\"https:\\\/\\\/www.coverseal.com\\\/es\\\/project\\\/verano-en-los-sequoias\\\/#breadcrumb\"},\"inLanguage\":\"es\",\"potentialAction\":[{\"@type\":\"ReadAction\",\"target\":[\"https:\\\/\\\/www.coverseal.com\\\/es\\\/project\\\/verano-en-los-sequoias\\\/\"]}]},{\"@type\":\"ImageObject\",\"inLanguage\":\"es\",\"@id\":\"https:\\\/\\\/www.coverseal.com\\\/es\\\/project\\\/verano-en-los-sequoias\\\/#primaryimage\",\"url\":\"https:\\\/\\\/www.coverseal.com\\\/wp-content\\\/uploads\\\/2026\\\/04\\\/62.jpg\",\"contentUrl\":\"https:\\\/\\\/www.coverseal.com\\\/wp-content\\\/uploads\\\/2026\\\/04\\\/62.jpg\",\"width\":1200,\"height\":800},{\"@type\":\"BreadcrumbList\",\"@id\":\"https:\\\/\\\/www.coverseal.com\\\/es\\\/project\\\/verano-en-los-sequoias\\\/#breadcrumb\",\"itemListElement\":[{\"@type\":\"ListItem\",\"position\":1,\"name\":\"Accueil\",\"item\":\"https:\\\/\\\/www.coverseal.com\\\/es\\\/\"},{\"@type\":\"ListItem\",\"position\":2,\"name\":\"Proyectos\",\"item\":\"https:\\\/\\\/www.coverseal.com\\\/es\\\/project\\\/\"},{\"@type\":\"ListItem\",\"position\":3,\"name\":\"Verano en Los Sequoias\"}]},{\"@type\":\"WebSite\",\"@id\":\"https:\\\/\\\/www.coverseal.com\\\/es\\\/#website\",\"url\":\"https:\\\/\\\/www.coverseal.com\\\/es\\\/\",\"name\":\"Coverseal\",\"description\":\"\",\"potentialAction\":[{\"@type\":\"SearchAction\",\"target\":{\"@type\":\"EntryPoint\",\"urlTemplate\":\"https:\\\/\\\/www.coverseal.com\\\/es\\\/?s={search_term_string}\"},\"query-input\":{\"@type\":\"PropertyValueSpecification\",\"valueRequired\":true,\"valueName\":\"search_term_string\"}}],\"inLanguage\":\"es\"}]}<\/script>\n<!-- \/ Yoast SEO plugin. -->","yoast_head_json":{"title":"Verano en Los Sequoias | Coverseal","description":"Ubicado en un antiguo castillo vin\u00edcola, renovado con el esp\u00edritu de las viviendas de Entre Deux Mers, Les S\u00e9quo\u00efas es un alojamiento con encanto que recibe cada temporada a numerosos vacacionistas.","robots":{"index":"index","follow":"follow","max-snippet":"max-snippet:-1","max-image-preview":"max-image-preview:large","max-video-preview":"max-video-preview:-1"},"canonical":"https:\/\/www.coverseal.com\/es\/project\/verano-en-los-sequoias\/","og_locale":"es_ES","og_type":"article","og_title":"Verano en Los Sequoias | Coverseal","og_description":"Ubicado en un antiguo castillo vin\u00edcola, renovado con el esp\u00edritu de las viviendas de Entre Deux Mers, Les S\u00e9quo\u00efas es un alojamiento con encanto que recibe cada temporada a numerosos vacacionistas.","og_url":"https:\/\/www.coverseal.com\/es\/project\/verano-en-los-sequoias\/","og_site_name":"Coverseal","article_modified_time":"2026-04-28T08:29:06+00:00","og_image":[{"width":1200,"height":800,"url":"https:\/\/www.coverseal.com\/wp-content\/uploads\/2026\/04\/62.jpg","type":"image\/jpeg"}],"twitter_card":"summary_large_image","twitter_misc":{"Tiempo de lectura":"4 minutos"},"schema":{"@context":"https:\/\/schema.org","@graph":[{"@type":"WebPage","@id":"https:\/\/www.coverseal.com\/es\/project\/verano-en-los-sequoias\/","url":"https:\/\/www.coverseal.com\/es\/project\/verano-en-los-sequoias\/","name":"Verano en Los Sequoias | Coverseal","isPartOf":{"@id":"https:\/\/www.coverseal.com\/es\/#website"},"primaryImageOfPage":{"@id":"https:\/\/www.coverseal.com\/es\/project\/verano-en-los-sequoias\/#primaryimage"},"image":{"@id":"https:\/\/www.coverseal.com\/es\/project\/verano-en-los-sequoias\/#primaryimage"},"thumbnailUrl":"https:\/\/www.coverseal.com\/wp-content\/uploads\/2026\/04\/62.jpg","datePublished":"2025-09-04T09:51:29+00:00","dateModified":"2026-04-28T08:29:06+00:00","description":"Ubicado en un antiguo castillo vin\u00edcola, renovado con el esp\u00edritu de las viviendas de Entre Deux Mers, Les S\u00e9quo\u00efas es un alojamiento con encanto que recibe cada temporada a numerosos vacacionistas.","breadcrumb":{"@id":"https:\/\/www.coverseal.com\/es\/project\/verano-en-los-sequoias\/#breadcrumb"},"inLanguage":"es","potentialAction":[{"@type":"ReadAction","target":["https:\/\/www.coverseal.com\/es\/project\/verano-en-los-sequoias\/"]}]},{"@type":"ImageObject","inLanguage":"es","@id":"https:\/\/www.coverseal.com\/es\/project\/verano-en-los-sequoias\/#primaryimage","url":"https:\/\/www.coverseal.com\/wp-content\/uploads\/2026\/04\/62.jpg","contentUrl":"https:\/\/www.coverseal.com\/wp-content\/uploads\/2026\/04\/62.jpg","width":1200,"height":800},{"@type":"BreadcrumbList","@id":"https:\/\/www.coverseal.com\/es\/project\/verano-en-los-sequoias\/#breadcrumb","itemListElement":[{"@type":"ListItem","position":1,"name":"Accueil","item":"https:\/\/www.coverseal.com\/es\/"},{"@type":"ListItem","position":2,"name":"Proyectos","item":"https:\/\/www.coverseal.com\/es\/project\/"},{"@type":"ListItem","position":3,"name":"Verano en Los Sequoias"}]},{"@type":"WebSite","@id":"https:\/\/www.coverseal.com\/es\/#website","url":"https:\/\/www.coverseal.com\/es\/","name":"Coverseal","description":"","potentialAction":[{"@type":"SearchAction","target":{"@type":"EntryPoint","urlTemplate":"https:\/\/www.coverseal.com\/es\/?s={search_term_string}"},"query-input":{"@type":"PropertyValueSpecification","valueRequired":true,"valueName":"search_term_string"}}],"inLanguage":"es"}]}},"_links":{"self":[{"href":"https:\/\/www.coverseal.com\/es\/wp-json\/wp\/v2\/project\/9622","targetHints":{"allow":["GET"]}}],"collection":[{"href":"https:\/\/www.coverseal.com\/es\/wp-json\/wp\/v2\/project"}],"about":[{"href":"https:\/\/www.coverseal.com\/es\/wp-json\/wp\/v2\/types\/project"}],"author":[{"embeddable":true,"href":"https:\/\/www.coverseal.com\/es\/wp-json\/wp\/v2\/users\/11"}],"replies":[{"embeddable":true,"href":"https:\/\/www.coverseal.com\/es\/wp-json\/wp\/v2\/comments?post=9622"}],"version-history":[{"count":8,"href":"https:\/\/www.coverseal.com\/es\/wp-json\/wp\/v2\/project\/9622\/revisions"}],"predecessor-version":[{"id":11225,"href":"https:\/\/www.coverseal.com\/es\/wp-json\/wp\/v2\/project\/9622\/revisions\/11225"}],"wp:featuredmedia":[{"embeddable":true,"href":"https:\/\/www.coverseal.com\/es\/wp-json\/wp\/v2\/media\/11219"}],"wp:attachment":[{"href":"https:\/\/www.coverseal.com\/es\/wp-json\/wp\/v2\/media?parent=9622"}],"wp:term":[{"taxonomy":"project_category","embeddable":true,"href":"https:\/\/www.coverseal.com\/es\/wp-json\/wp\/v2\/project_category?post=9622"},{"taxonomy":"project_tag","embeddable":true,"href":"https:\/\/www.coverseal.com\/es\/wp-json\/wp\/v2\/project_tag?post=9622"}],"curies":[{"name":"wp","href":"https:\/\/api.w.org\/{rel}","templated":true}]}}