{"id":9639,"date":"2025-08-29T11:46:20","date_gmt":"2025-08-29T09:46:20","guid":{"rendered":"https:\/\/coverseal-com.poush-dev.be\/project\/lete-chez-la-casa-de-anna\/"},"modified":"2026-02-04T13:21:36","modified_gmt":"2026-02-04T12:21:36","slug":"verano-en-la-casa-de-anna","status":"publish","type":"project","link":"https:\/\/www.coverseal.com\/es\/project\/verano-en-la-casa-de-anna\/","title":{"rendered":"Verano en La Casa de Anna"},"content":{"rendered":"<p>[et_pb_section fb_built=\u00bb1&#8243; _builder_version=\u00bb4.27.4&#8243; _module_preset=\u00bbdefault\u00bb global_colors_info=\u00bb{}\u00bb][et_pb_row column_structure=\u00bb1_2,1_2&#8243; make_equal=\u00bbon\u00bb module_class=\u00bbcustom-align-vertical-reverse\u00bb _builder_version=\u00bb4.27.4&#8243; _module_preset=\u00bbdefault\u00bb global_colors_info=\u00bb{}\u00bb][et_pb_column type=\u00bb1_2&#8243; _builder_version=\u00bb4.27.4&#8243; _module_preset=\u00bbdefault\u00bb global_colors_info=\u00bb{}\u00bb][et_pb_text _builder_version=\u00bb4.27.5&#8243; _module_preset=\u00bbdefault\u00bb header_2_text_color=\u00bbgcid-secondary-color\u00bb global_colors_info=\u00bb{%22gcid-secondary-color%22:%91%22header_2_text_color%22%93}\u00bb]<\/p>\n<h2><em><span>Lo que realmente importa<\/span><\/em><\/h2>\n<div class=\"ewa-rteLine\">\n<p>Madre de dos ni\u00f1os peque\u00f1os, Natalia quer\u00eda ante todo que la piscina fuera un espacio seguro donde sus hijos pudieran desenvolverse <strong>sin preocupaciones<\/strong>. Deseaba disfrutar de cada momento en familia con la tranquilidad de saber que estaban seguros. <em>\u201cLa mejor cualidad para m\u00ed es la seguridad\u201d.<\/em><\/p>\n<p>Pero su <strong>tranquilidad<\/strong> tambi\u00e9n pasaba por un mantenimiento simplificado. Natalia buscaba una soluci\u00f3n que le permitiera recuperar r\u00e1pidamente un agua cristalina, incluso despu\u00e9s de varios meses sin uso: nada de largas horas de limpieza ni de productos qu\u00edmicos en exceso.<\/p>\n<p>Por \u00faltimo, como decoradora de interiores, la<strong> est\u00e9tica<\/strong> segu\u00eda siendo un criterio ineludible. Preocupada por preservar la elegancia y la sobriedad de su chalet, quer\u00eda una cubierta capaz de integrarse con discreci\u00f3n y refinamiento, en perfecta armon\u00eda con el esp\u00edritu del lugar.<\/div>\n<p>[\/et_pb_text][\/et_pb_column][et_pb_column type=\u00bb1_2&#8243; _builder_version=\u00bb4.27.4&#8243; _module_preset=\u00bbdefault\u00bb global_colors_info=\u00bb{}\u00bb][et_pb_image src=\u00bbhttps:\/\/www.coverseal.com\/wp-content\/uploads\/2025\/08\/Coverseal-landscape.jpg\u00bb alt=\u00bbPiscine moderne recouverte d\u2019une couverture Coverseal beige, avec habillage effet miroir \u00e9quip\u00e9 de panneaux solaires, int\u00e9gr\u00e9e dans une terrasse carrel\u00e9e.\u00bb title_text=\u00bbCoverseal-landscape\u00bb _builder_version=\u00bb4.27.4&#8243; _module_preset=\u00bbdefault\u00bb global_colors_info=\u00bb{}\u00bb][\/et_pb_image][\/et_pb_column][\/et_pb_row][et_pb_row column_structure=\u00bb1_2,1_2&#8243; make_equal=\u00bbon\u00bb module_class=\u00bbcustom-align-vertical\u00bb _builder_version=\u00bb4.27.4&#8243; _module_preset=\u00bbdefault\u00bb global_colors_info=\u00bb{}\u00bb][et_pb_column type=\u00bb1_2&#8243; _builder_version=\u00bb4.27.4&#8243; _module_preset=\u00bbdefault\u00bb global_colors_info=\u00bb{}\u00bb][et_pb_image src=\u00bbhttps:\/\/www.coverseal.com\/wp-content\/uploads\/2025\/08\/Coverseal-landscape2.jpg\u00bb alt=\u00bbGros plan sur les rails discrets de la couverture Coverseal int\u00e9gr\u00e9s dans le carrelage de la terrasse, assurant une finition \u00e9l\u00e9gante.\u00bb title_text=\u00bbCoverseal-landscape2&#8243; _builder_version=\u00bb4.27.4&#8243; _module_preset=\u00bbdefault\u00bb global_colors_info=\u00bb{}\u00bb][\/et_pb_image][\/et_pb_column][et_pb_column type=\u00bb1_2&#8243; _builder_version=\u00bb4.27.4&#8243; _module_preset=\u00bbdefault\u00bb global_colors_info=\u00bb{}\u00bb][et_pb_text _builder_version=\u00bb4.27.5&#8243; _module_preset=\u00bbdefault\u00bb header_2_text_color=\u00bbgcid-secondary-color\u00bb global_colors_info=\u00bb{%22gcid-secondary-color%22:%91%22header_2_text_color%22%93}\u00bb]<\/p>\n<h2><em>L<span>a soluci\u00f3n a medida<\/span><\/em><\/h2>\n<div class=\"ewa-rteLine\">\n<p><span fontscheme=\"2\">Natalia ha optado por el <\/span><strong fontscheme=\"2\">modelo Autom\u00e1tico de la Coverseal<\/strong><span fontscheme=\"2\">, equipado con un <\/span><strong fontscheme=\"2\">revestimiento<\/strong><span fontscheme=\"2\"> <\/span><strong fontscheme=\"2\">\u201cefecto espejo\u201d<\/strong><span fontscheme=\"2\"> y una <\/span><strong fontscheme=\"2\">membrana gris l\u00e1piz<\/strong><span fontscheme=\"2\">, elegida para combinar con los tonos de su terraza. Cerrada, la cubierta se integra en la decoraci\u00f3n preservando, a la vez, la incre\u00edble vista.<\/p>\n<p><\/span><span fontscheme=\"2\"><strong>Su membrana, perfectamente tensada<\/strong> y al ras del suelo gracias a su sistema de <strong>cilindros<\/strong>, garantiza una <strong>seguridad \u00f3ptima<\/strong> al impedir cualquier acceso a la piscina. Adem\u00e1s, su <strong>cierre herm\u00e9tic<\/strong>o permite conservar el agua cristalina sin esfuerzo: <em>\u201cSin productos qu\u00edmicos, despu\u00e9s de 5 meses sin abrirla, el agua est\u00e1 transparente\u201d.<\/p>\n<p><\/em><\/span><span fontscheme=\"2\">Coverseal representa para ella la soluci\u00f3n ideal: <\/span><strong fontscheme=\"2\">seguridad reforzada, comodidad de uso <\/strong><span fontscheme=\"2\">e integraci\u00f3n <\/span><strong fontscheme=\"2\">est\u00e9tica perfecta<\/strong><span fontscheme=\"2\">.<\/span><\/div>\n<p>[\/et_pb_text][\/et_pb_column][\/et_pb_row][et_pb_row _builder_version=\u00bb4.27.4&#8243; _module_preset=\u00bbdefault\u00bb custom_margin=\u00bb||0px||false|false\u00bb global_colors_info=\u00bb{}\u00bb][et_pb_column type=\u00bb4_4&#8243; _builder_version=\u00bb4.27.4&#8243; _module_preset=\u00bbdefault\u00bb global_colors_info=\u00bb{}\u00bb][et_pb_text _builder_version=\u00bb4.27.5&#8243; _module_preset=\u00bbdefault\u00bb header_2_text_color=\u00bbgcid-secondary-color\u00bb max_width=\u00bb990px\u00bb custom_margin=\u00bb||50px||false|false\u00bb global_colors_info=\u00bb{%22gcid-secondary-color%22:%91%22header_2_text_color%22%93}\u00bb]<\/p>\n<h2><em><span>Vida cotidiana simplificada, placer preservado<\/span><\/em><\/h2>\n<div class=\"ewa-rteLine\">\n<p><span fontscheme=\"2\">\u00ab<em>\u00a1Despu\u00e9s de un mes usando nuestra cubierta, estamos encantados!<\/em>\u00bb Se acabaron las tareas repetitivas: \u201cEs un ahorro de tiempo en el mantenimiento: solo una limpieza con chorro de agua y listo\u201d.<\/p>\n<p><\/span><span fontscheme=\"2\">Hoy, Natalia disfruta plenamente de su piscina: un <\/span><strong fontscheme=\"2\">agua siempre limpia<\/strong><span fontscheme=\"2\">, un <\/span><strong fontscheme=\"2\">uso intuitivo<\/strong><span fontscheme=\"2\"> y, sobre todo, la <\/span><strong fontscheme=\"2\">tranquilidad<\/strong><span fontscheme=\"2\"> de ver a sus hijos jugar alrededor de la piscina con total seguridad.<\/span><\/div>\n<p>[\/et_pb_text][\/et_pb_column][\/et_pb_row][et_pb_row custom_padding_last_edited=\u00bbon|phone\u00bb _builder_version=\u00bb4.27.4&#8243; _module_preset=\u00bbdefault\u00bb custom_margin=\u00bb||0px||false|false\u00bb custom_padding=\u00bb0px|0px|0px|0px|true|true\u00bb custom_padding_tablet=\u00bb0px|0px|0px|0px|true|true\u00bb custom_padding_phone=\u00bb|0px||0px|true|true\u00bb global_colors_info=\u00bb{}\u00bb][et_pb_column type=\u00bb4_4&#8243; _builder_version=\u00bb4.27.4&#8243; _module_preset=\u00bbdefault\u00bb global_colors_info=\u00bb{}\u00bb][dsm_image_carousel gallery_ids=\u00bb8380,8378,8374,8364,8370,8366&#8243; sizes=\u00bbet-pb-portfolio-image\u00bb use_arrow_custom_position=\u00bbon\u00bb arrow_custom_position=\u00bb-54px\u00bb arrow_prev=\u00bbon\u00bb arrow_prev_font_icon=\u00bb&#x23;||divi||400&#8243; arrow_next=\u00bbon\u00bb arrow_next_font_icon=\u00bb&#x24;||divi||400&#8243; arrow_size=\u00bb30px\u00bb arrow_color=\u00bbgcid-secondary-color\u00bb arrow_background_color=\u00bbgcid-primary-color\u00bb dots_horizontal_placement=\u00bb-46px\u00bb dots_active_color=\u00bbgcid-secondary-color\u00bb slide_to_show_tablet=\u00bb2&#8243; slide_to_show_phone=\u00bb1&#8243; slide_to_show_last_edited=\u00bbon|phone\u00bb arrow_custom_position_tablet=\u00bb-28px\u00bb arrow_custom_position_phone=\u00bb-28px\u00bb arrow_custom_position_last_edited=\u00bbon|tablet\u00bb arrow_size_tablet=\u00bb23px\u00bb arrow_size_phone=\u00bb23px\u00bb arrow_size_last_edited=\u00bbon|tablet\u00bb admin_label=\u00bbSupreme Image Carousel\u00bb _builder_version=\u00bb4.27.4&#8243; _module_preset=\u00bbdefault\u00bb custom_padding=\u00bb||||false|true\u00bb border_radii_arrow=\u00bbon|90px|90px|90px|90px\u00bb global_colors_info=\u00bb{%22gcid-secondary-color%22:%91%22dots_active_color%22,%22arrow_color%22%93,%22gcid-primary-color%22:%91%22arrow_background_color%22%93}\u00bb][\/dsm_image_carousel][et_pb_button button_url=\u00bbhttps:\/\/www.coverseal.com\/es\/proyectos\/?_gl=1*1vlg9s3*_up*MQ..*_ga*NDg2MDU3NzQ1LjE3NjU5Nzg4MzQ.*_ga_1M41YRKMXD*czE3NjU5Nzg4MzMkbzEkZzEkdDE3NjU5Nzg5MDgkajYwJGwwJGgyOTM0MDMzNTI.\u00bb button_text=\u00bbDescubra todos nuestros proyectos\u00bb button_alignment=\u00bbright\u00bb button_alignment_tablet=\u00bbcenter\u00bb button_alignment_phone=\u00bbcenter\u00bb button_alignment_last_edited=\u00bbon|tablet\u00bb _builder_version=\u00bb4.27.5&#8243; _module_preset=\u00bbdefault\u00bb custom_margin=\u00bb0px||||false|false\u00bb locked=\u00bboff\u00bb global_colors_info=\u00bb{}\u00bb][\/et_pb_button][\/et_pb_column][\/et_pb_row][\/et_pb_section]<\/p>\n","protected":false},"excerpt":{"rendered":"<p>Decoradora de interiores, Natalia acompa\u00f1a a sus clientes en el dise\u00f1o y la decoraci\u00f3n de su casa, mientras cultiva su pasi\u00f3n por la renovaci\u00f3n y la organizaci\u00f3n. Instalada en un chalet moderno con vistas al lago de Annecy, en Francia, Natalia ha hecho de la piscina el elemento central de su exterior, perfectamente integrada con la impresionante vista del lago y las monta\u00f1as.<\/p>\n","protected":false},"author":11,"featured_media":9641,"comment_status":"closed","ping_status":"closed","template":"","meta":{"_et_pb_use_builder":"on","_et_pb_old_content":"","_et_gb_content_width":"","footnotes":""},"project_category":[],"project_tag":[],"class_list":["post-9639","project","type-project","status-publish","has-post-thumbnail","hentry"],"yoast_head":"<!-- This site is optimized with the Yoast SEO plugin v27.5 - https:\/\/yoast.com\/product\/yoast-seo-wordpress\/ -->\n<title>Verano en La Casa de Anna | Coverseal<\/title>\n<meta name=\"description\" content=\"Decoradora de interiores, Natalia acompa\u00f1a a sus clientes en el dise\u00f1o y la decoraci\u00f3n de su casa, mientras cultiva su pasi\u00f3n por la renovaci\u00f3n y la organizaci\u00f3n.\" \/>\n<meta name=\"robots\" content=\"index, follow, max-snippet:-1, max-image-preview:large, max-video-preview:-1\" \/>\n<link rel=\"canonical\" href=\"https:\/\/www.coverseal.com\/es\/project\/verano-en-la-casa-de-anna\/\" \/>\n<meta property=\"og:locale\" content=\"es_ES\" \/>\n<meta property=\"og:type\" content=\"article\" \/>\n<meta property=\"og:title\" content=\"Verano en La Casa de Anna | Coverseal\" \/>\n<meta property=\"og:description\" content=\"Decoradora de interiores, Natalia acompa\u00f1a a sus clientes en el dise\u00f1o y la decoraci\u00f3n de su casa, mientras cultiva su pasi\u00f3n por la renovaci\u00f3n y la organizaci\u00f3n.\" \/>\n<meta property=\"og:url\" content=\"https:\/\/www.coverseal.com\/es\/project\/verano-en-la-casa-de-anna\/\" \/>\n<meta property=\"og:site_name\" content=\"Coverseal\" \/>\n<meta property=\"article:modified_time\" content=\"2026-02-04T12:21:36+00:00\" \/>\n<meta property=\"og:image\" content=\"https:\/\/www.coverseal.com\/wp-content\/uploads\/2025\/08\/Coverseal-landscape4.jpg\" \/>\n\t<meta property=\"og:image:width\" content=\"1200\" \/>\n\t<meta property=\"og:image:height\" content=\"800\" \/>\n\t<meta property=\"og:image:type\" content=\"image\/jpeg\" \/>\n<meta name=\"twitter:card\" content=\"summary_large_image\" \/>\n<meta name=\"twitter:label1\" content=\"Tiempo de lectura\" \/>\n\t<meta name=\"twitter:data1\" content=\"4 minutos\" \/>\n<script type=\"application\/ld+json\" class=\"yoast-schema-graph\">{\"@context\":\"https:\\\/\\\/schema.org\",\"@graph\":[{\"@type\":\"WebPage\",\"@id\":\"https:\\\/\\\/www.coverseal.com\\\/es\\\/project\\\/verano-en-la-casa-de-anna\\\/\",\"url\":\"https:\\\/\\\/www.coverseal.com\\\/es\\\/project\\\/verano-en-la-casa-de-anna\\\/\",\"name\":\"Verano en La Casa de Anna | Coverseal\",\"isPartOf\":{\"@id\":\"https:\\\/\\\/www.coverseal.com\\\/es\\\/#website\"},\"primaryImageOfPage\":{\"@id\":\"https:\\\/\\\/www.coverseal.com\\\/es\\\/project\\\/verano-en-la-casa-de-anna\\\/#primaryimage\"},\"image\":{\"@id\":\"https:\\\/\\\/www.coverseal.com\\\/es\\\/project\\\/verano-en-la-casa-de-anna\\\/#primaryimage\"},\"thumbnailUrl\":\"https:\\\/\\\/www.coverseal.com\\\/wp-content\\\/uploads\\\/2025\\\/08\\\/Coverseal-landscape4.jpg\",\"datePublished\":\"2025-08-29T09:46:20+00:00\",\"dateModified\":\"2026-02-04T12:21:36+00:00\",\"description\":\"Decoradora de interiores, Natalia acompa\u00f1a a sus clientes en el dise\u00f1o y la decoraci\u00f3n de su casa, mientras cultiva su pasi\u00f3n por la renovaci\u00f3n y la organizaci\u00f3n.\",\"breadcrumb\":{\"@id\":\"https:\\\/\\\/www.coverseal.com\\\/es\\\/project\\\/verano-en-la-casa-de-anna\\\/#breadcrumb\"},\"inLanguage\":\"es\",\"potentialAction\":[{\"@type\":\"ReadAction\",\"target\":[\"https:\\\/\\\/www.coverseal.com\\\/es\\\/project\\\/verano-en-la-casa-de-anna\\\/\"]}]},{\"@type\":\"ImageObject\",\"inLanguage\":\"es\",\"@id\":\"https:\\\/\\\/www.coverseal.com\\\/es\\\/project\\\/verano-en-la-casa-de-anna\\\/#primaryimage\",\"url\":\"https:\\\/\\\/www.coverseal.com\\\/wp-content\\\/uploads\\\/2025\\\/08\\\/Coverseal-landscape4.jpg\",\"contentUrl\":\"https:\\\/\\\/www.coverseal.com\\\/wp-content\\\/uploads\\\/2025\\\/08\\\/Coverseal-landscape4.jpg\",\"width\":1200,\"height\":800,\"caption\":\"Piscine \u00e9quip\u00e9e d\u2019une Coverseal, entour\u00e9e de haies hautes et d\u2019un paysage montagneux en arri\u00e8re-plan, avec transats install\u00e9s pr\u00e8s de l\u2019eau.\"},{\"@type\":\"BreadcrumbList\",\"@id\":\"https:\\\/\\\/www.coverseal.com\\\/es\\\/project\\\/verano-en-la-casa-de-anna\\\/#breadcrumb\",\"itemListElement\":[{\"@type\":\"ListItem\",\"position\":1,\"name\":\"Accueil\",\"item\":\"https:\\\/\\\/www.coverseal.com\\\/es\\\/\"},{\"@type\":\"ListItem\",\"position\":2,\"name\":\"Proyectos\",\"item\":\"https:\\\/\\\/www.coverseal.com\\\/es\\\/project\\\/\"},{\"@type\":\"ListItem\",\"position\":3,\"name\":\"Verano en La Casa de Anna\"}]},{\"@type\":\"WebSite\",\"@id\":\"https:\\\/\\\/www.coverseal.com\\\/es\\\/#website\",\"url\":\"https:\\\/\\\/www.coverseal.com\\\/es\\\/\",\"name\":\"Coverseal\",\"description\":\"\",\"potentialAction\":[{\"@type\":\"SearchAction\",\"target\":{\"@type\":\"EntryPoint\",\"urlTemplate\":\"https:\\\/\\\/www.coverseal.com\\\/es\\\/?s={search_term_string}\"},\"query-input\":{\"@type\":\"PropertyValueSpecification\",\"valueRequired\":true,\"valueName\":\"search_term_string\"}}],\"inLanguage\":\"es\"}]}<\/script>\n<!-- \/ Yoast SEO plugin. -->","yoast_head_json":{"title":"Verano en La Casa de Anna | Coverseal","description":"Decoradora de interiores, Natalia acompa\u00f1a a sus clientes en el dise\u00f1o y la decoraci\u00f3n de su casa, mientras cultiva su pasi\u00f3n por la renovaci\u00f3n y la organizaci\u00f3n.","robots":{"index":"index","follow":"follow","max-snippet":"max-snippet:-1","max-image-preview":"max-image-preview:large","max-video-preview":"max-video-preview:-1"},"canonical":"https:\/\/www.coverseal.com\/es\/project\/verano-en-la-casa-de-anna\/","og_locale":"es_ES","og_type":"article","og_title":"Verano en La Casa de Anna | Coverseal","og_description":"Decoradora de interiores, Natalia acompa\u00f1a a sus clientes en el dise\u00f1o y la decoraci\u00f3n de su casa, mientras cultiva su pasi\u00f3n por la renovaci\u00f3n y la organizaci\u00f3n.","og_url":"https:\/\/www.coverseal.com\/es\/project\/verano-en-la-casa-de-anna\/","og_site_name":"Coverseal","article_modified_time":"2026-02-04T12:21:36+00:00","og_image":[{"width":1200,"height":800,"url":"https:\/\/www.coverseal.com\/wp-content\/uploads\/2025\/08\/Coverseal-landscape4.jpg","type":"image\/jpeg"}],"twitter_card":"summary_large_image","twitter_misc":{"Tiempo de lectura":"4 minutos"},"schema":{"@context":"https:\/\/schema.org","@graph":[{"@type":"WebPage","@id":"https:\/\/www.coverseal.com\/es\/project\/verano-en-la-casa-de-anna\/","url":"https:\/\/www.coverseal.com\/es\/project\/verano-en-la-casa-de-anna\/","name":"Verano en La Casa de Anna | Coverseal","isPartOf":{"@id":"https:\/\/www.coverseal.com\/es\/#website"},"primaryImageOfPage":{"@id":"https:\/\/www.coverseal.com\/es\/project\/verano-en-la-casa-de-anna\/#primaryimage"},"image":{"@id":"https:\/\/www.coverseal.com\/es\/project\/verano-en-la-casa-de-anna\/#primaryimage"},"thumbnailUrl":"https:\/\/www.coverseal.com\/wp-content\/uploads\/2025\/08\/Coverseal-landscape4.jpg","datePublished":"2025-08-29T09:46:20+00:00","dateModified":"2026-02-04T12:21:36+00:00","description":"Decoradora de interiores, Natalia acompa\u00f1a a sus clientes en el dise\u00f1o y la decoraci\u00f3n de su casa, mientras cultiva su pasi\u00f3n por la renovaci\u00f3n y la organizaci\u00f3n.","breadcrumb":{"@id":"https:\/\/www.coverseal.com\/es\/project\/verano-en-la-casa-de-anna\/#breadcrumb"},"inLanguage":"es","potentialAction":[{"@type":"ReadAction","target":["https:\/\/www.coverseal.com\/es\/project\/verano-en-la-casa-de-anna\/"]}]},{"@type":"ImageObject","inLanguage":"es","@id":"https:\/\/www.coverseal.com\/es\/project\/verano-en-la-casa-de-anna\/#primaryimage","url":"https:\/\/www.coverseal.com\/wp-content\/uploads\/2025\/08\/Coverseal-landscape4.jpg","contentUrl":"https:\/\/www.coverseal.com\/wp-content\/uploads\/2025\/08\/Coverseal-landscape4.jpg","width":1200,"height":800,"caption":"Piscine \u00e9quip\u00e9e d\u2019une Coverseal, entour\u00e9e de haies hautes et d\u2019un paysage montagneux en arri\u00e8re-plan, avec transats install\u00e9s pr\u00e8s de l\u2019eau."},{"@type":"BreadcrumbList","@id":"https:\/\/www.coverseal.com\/es\/project\/verano-en-la-casa-de-anna\/#breadcrumb","itemListElement":[{"@type":"ListItem","position":1,"name":"Accueil","item":"https:\/\/www.coverseal.com\/es\/"},{"@type":"ListItem","position":2,"name":"Proyectos","item":"https:\/\/www.coverseal.com\/es\/project\/"},{"@type":"ListItem","position":3,"name":"Verano en La Casa de Anna"}]},{"@type":"WebSite","@id":"https:\/\/www.coverseal.com\/es\/#website","url":"https:\/\/www.coverseal.com\/es\/","name":"Coverseal","description":"","potentialAction":[{"@type":"SearchAction","target":{"@type":"EntryPoint","urlTemplate":"https:\/\/www.coverseal.com\/es\/?s={search_term_string}"},"query-input":{"@type":"PropertyValueSpecification","valueRequired":true,"valueName":"search_term_string"}}],"inLanguage":"es"}]}},"_links":{"self":[{"href":"https:\/\/www.coverseal.com\/es\/wp-json\/wp\/v2\/project\/9639","targetHints":{"allow":["GET"]}}],"collection":[{"href":"https:\/\/www.coverseal.com\/es\/wp-json\/wp\/v2\/project"}],"about":[{"href":"https:\/\/www.coverseal.com\/es\/wp-json\/wp\/v2\/types\/project"}],"author":[{"embeddable":true,"href":"https:\/\/www.coverseal.com\/es\/wp-json\/wp\/v2\/users\/11"}],"replies":[{"embeddable":true,"href":"https:\/\/www.coverseal.com\/es\/wp-json\/wp\/v2\/comments?post=9639"}],"version-history":[{"count":6,"href":"https:\/\/www.coverseal.com\/es\/wp-json\/wp\/v2\/project\/9639\/revisions"}],"predecessor-version":[{"id":10121,"href":"https:\/\/www.coverseal.com\/es\/wp-json\/wp\/v2\/project\/9639\/revisions\/10121"}],"wp:featuredmedia":[{"embeddable":true,"href":"https:\/\/www.coverseal.com\/es\/wp-json\/wp\/v2\/media\/9641"}],"wp:attachment":[{"href":"https:\/\/www.coverseal.com\/es\/wp-json\/wp\/v2\/media?parent=9639"}],"wp:term":[{"taxonomy":"project_category","embeddable":true,"href":"https:\/\/www.coverseal.com\/es\/wp-json\/wp\/v2\/project_category?post=9639"},{"taxonomy":"project_tag","embeddable":true,"href":"https:\/\/www.coverseal.com\/es\/wp-json\/wp\/v2\/project_tag?post=9639"}],"curies":[{"name":"wp","href":"https:\/\/api.w.org\/{rel}","templated":true}]}}