{"id":9654,"date":"2025-08-27T14:57:25","date_gmt":"2025-08-27T12:57:25","guid":{"rendered":"https:\/\/coverseal-com.poush-dev.be\/project\/lete-chez-la-dream-home-family\/"},"modified":"2026-02-04T13:22:01","modified_gmt":"2026-02-04T12:22:01","slug":"verano-en-la-dream-home-family","status":"publish","type":"project","link":"https:\/\/www.coverseal.com\/es\/project\/verano-en-la-dream-home-family\/","title":{"rendered":"Verano en la Dream Home Family"},"content":{"rendered":"<p>[et_pb_section fb_built=\u00bb1&#8243; _builder_version=\u00bb4.27.4&#8243; _module_preset=\u00bbdefault\u00bb global_colors_info=\u00bb{}\u00bb][et_pb_row column_structure=\u00bb1_2,1_2&#8243; make_equal=\u00bbon\u00bb module_class=\u00bbcustom-align-vertical-reverse\u00bb _builder_version=\u00bb4.27.4&#8243; _module_preset=\u00bbdefault\u00bb global_colors_info=\u00bb{}\u00bb][et_pb_column type=\u00bb1_2&#8243; _builder_version=\u00bb4.27.4&#8243; _module_preset=\u00bbdefault\u00bb global_colors_info=\u00bb{}\u00bb][et_pb_text _builder_version=\u00bb4.27.5&#8243; _module_preset=\u00bbdefault\u00bb header_2_text_color=\u00bbgcid-secondary-color\u00bb global_colors_info=\u00bb{%22gcid-secondary-color%22:%91%22header_2_text_color%22%93}\u00bb]<\/p>\n<h2><em><span>Lo que realmente importa<\/span><\/em><\/h2>\n<div class=\"ewa-rteLine\">\n<p><span fontscheme=\"2\">Para Sarah, la <\/span><strong fontscheme=\"2\">est\u00e9tica<\/strong><span fontscheme=\"2\"> se impone como una evidencia. Cada disposici\u00f3n exterior debe integrarse en una visi\u00f3n coherente y elegante, donde materiales y l\u00edneas dialogan de manera natural. La cubierta de la piscina deb\u00eda fundirse con su entorno, sin ruptura visual, en perfecta continuidad con la terraza.<\/p>\n<p><\/span><span fontscheme=\"2\">Para su marido, la <\/span><strong fontscheme=\"2\">facilidad de uso<\/strong><span fontscheme=\"2\"> es esencial. \u00c9l quer\u00eda poder abrir y cerrar la piscina con un solo gesto, sin esfuerzo, para disfrutar de ella en cualquier momento. <\/p>\n<p><\/span><span fontscheme=\"2\">Buscaban, por lo tanto, una soluci\u00f3n que reuniera estos dos requisitos: un <\/span><strong fontscheme=\"2\">dise\u00f1o refinado<\/strong><span fontscheme=\"2\"> y un <\/span><strong fontscheme=\"2\">manejo intuitivo<\/strong><span fontscheme=\"2\"> en el d\u00eda a d\u00eda.<\/span><\/div>\n<p>[\/et_pb_text][\/et_pb_column][et_pb_column type=\u00bb1_2&#8243; _builder_version=\u00bb4.27.4&#8243; _module_preset=\u00bbdefault\u00bb global_colors_info=\u00bb{}\u00bb][et_pb_image src=\u00bbhttps:\/\/www.coverseal.com\/wp-content\/uploads\/2025\/08\/DreamHomeFamily1.jpg\u00bb alt=\u00bbPiscine contemporaine partiellement couverte par une Coverseal, entour\u00e9e d\u2019une terrasse en bois clair et d\u2019un coin lounge \u00e9l\u00e9gant.\u00bb title_text=\u00bbDreamHomeFamily1&#8243; _builder_version=\u00bb4.27.4&#8243; _module_preset=\u00bbdefault\u00bb global_colors_info=\u00bb{}\u00bb][\/et_pb_image][\/et_pb_column][\/et_pb_row][et_pb_row column_structure=\u00bb1_2,1_2&#8243; make_equal=\u00bbon\u00bb module_class=\u00bbcustom-align-vertical\u00bb _builder_version=\u00bb4.27.4&#8243; _module_preset=\u00bbdefault\u00bb global_colors_info=\u00bb{}\u00bb][et_pb_column type=\u00bb1_2&#8243; _builder_version=\u00bb4.27.4&#8243; _module_preset=\u00bbdefault\u00bb global_colors_info=\u00bb{}\u00bb][et_pb_image src=\u00bbhttps:\/\/www.coverseal.com\/wp-content\/uploads\/2025\/08\/DreamHomeFamily9.jpg\u00bb alt=\u00bbD\u00e9tail rapproch\u00e9 de l&#8217;habillage effet miroir Coverseal install\u00e9 au bord de la piscine, refl\u00e9tant \u00e9l\u00e9gance et robustesse.\u00bb title_text=\u00bbDreamHomeFamily9&#8243; _builder_version=\u00bb4.27.4&#8243; _module_preset=\u00bbdefault\u00bb global_colors_info=\u00bb{}\u00bb][\/et_pb_image][\/et_pb_column][et_pb_column type=\u00bb1_2&#8243; _builder_version=\u00bb4.27.4&#8243; _module_preset=\u00bbdefault\u00bb global_colors_info=\u00bb{}\u00bb][et_pb_text _builder_version=\u00bb4.27.5&#8243; _module_preset=\u00bbdefault\u00bb header_2_text_color=\u00bbgcid-secondary-color\u00bb global_colors_info=\u00bb{%22gcid-secondary-color%22:%91%22header_2_text_color%22%93}\u00bb]<\/p>\n<h2><em>La <span>soluci\u00f3n a medida<\/span><\/em><\/h2>\n<div class=\"ewa-rteLine\">\n<p><span fontscheme=\"2\">Sarah ha optado por el <\/span><strong fontscheme=\"2\">modelo Autom\u00e1tico de la Coverseal<\/strong><span fontscheme=\"2\">, equipado con <\/span><strong fontscheme=\"2\">carriles<\/strong><span fontscheme=\"2\"> color <\/span><strong fontscheme=\"2\">champ\u00e1n<\/strong><span fontscheme=\"2\">, un revestimiento \u00ab<\/span><strong fontscheme=\"2\">efecto espejo<\/strong><span fontscheme=\"2\">\u00bb y una membrana color marfil, <em>\u201cpara que se funda perfectamente con nuestro pavimento de baldosas efecto madera y el color de nuestro sal\u00f3n hundido\u201d<\/em>, creando, de esta manera, una continuidad visual perfecta entre la piscina, la terraza y la decoraci\u00f3n exterior. <\/p>\n<p><\/span><span fontscheme=\"2\">Gracias a su sistema automatizado, su marido aprecia especialmente la comodidad de uso: en apenas unos segundos, la piscina se abre y se cierra, sin esfuerzo ni manipulaci\u00f3n complicada. <\/span><\/div>\n<p>[\/et_pb_text][\/et_pb_column][\/et_pb_row][et_pb_row _builder_version=\u00bb4.27.4&#8243; _module_preset=\u00bbdefault\u00bb custom_margin=\u00bb||0px||false|false\u00bb global_colors_info=\u00bb{}\u00bb][et_pb_column type=\u00bb4_4&#8243; _builder_version=\u00bb4.27.4&#8243; _module_preset=\u00bbdefault\u00bb global_colors_info=\u00bb{}\u00bb][et_pb_text _builder_version=\u00bb4.27.5&#8243; _module_preset=\u00bbdefault\u00bb header_2_text_color=\u00bbgcid-secondary-color\u00bb max_width=\u00bb990px\u00bb custom_margin=\u00bb||50px||false|false\u00bb global_colors_info=\u00bb{%22gcid-secondary-color%22:%91%22header_2_text_color%22%93}\u00bb]<\/p>\n<h2><em><span>Vida cotidiana simplificada, placer preservado<\/span><\/em><\/h2>\n<div class=\"ewa-rteLine\">\n<p>Ahora, su piscina est\u00e1 siempre lista, perfectamente integrada y elegante. <em>\u201cCon un clic, la piscina est\u00e1 lista y la cubierta desaparece en el entorno\u201d<\/em>.<\/p>\n<p>Para Sarah y su familia, la Coverseal representa el equilibrio perfecto: una cubierta de dise\u00f1o que realza su exterior y un sistema intuitivo que simplifica su vida diaria.<\/p><\/div>\n<p>[\/et_pb_text][\/et_pb_column][\/et_pb_row][et_pb_row custom_padding_last_edited=\u00bbon|phone\u00bb _builder_version=\u00bb4.27.4&#8243; _module_preset=\u00bbdefault\u00bb custom_margin=\u00bb||0px||false|false\u00bb custom_padding=\u00bb0px|0px|0px|0px|true|true\u00bb custom_padding_tablet=\u00bb0px|0px|0px|0px|true|true\u00bb custom_padding_phone=\u00bb|0px||0px|true|true\u00bb global_colors_info=\u00bb{}\u00bb][et_pb_column type=\u00bb4_4&#8243; _builder_version=\u00bb4.27.4&#8243; _module_preset=\u00bbdefault\u00bb global_colors_info=\u00bb{}\u00bb][dsm_image_carousel gallery_ids=\u00bb8272,8266,8270,8268,8276,8274,8262&#8243; sizes=\u00bbet-pb-portfolio-image\u00bb use_arrow_custom_position=\u00bbon\u00bb arrow_custom_position=\u00bb-54px\u00bb arrow_prev=\u00bbon\u00bb arrow_prev_font_icon=\u00bb&#x23;||divi||400&#8243; arrow_next=\u00bbon\u00bb arrow_next_font_icon=\u00bb&#x24;||divi||400&#8243; arrow_size=\u00bb30px\u00bb arrow_color=\u00bbgcid-secondary-color\u00bb arrow_background_color=\u00bbgcid-primary-color\u00bb dots_horizontal_placement=\u00bb-46px\u00bb dots_active_color=\u00bbgcid-secondary-color\u00bb slide_to_show_tablet=\u00bb2&#8243; slide_to_show_phone=\u00bb1&#8243; slide_to_show_last_edited=\u00bbon|phone\u00bb arrow_custom_position_tablet=\u00bb-28px\u00bb arrow_custom_position_phone=\u00bb-28px\u00bb arrow_custom_position_last_edited=\u00bbon|tablet\u00bb arrow_size_tablet=\u00bb23px\u00bb arrow_size_phone=\u00bb23px\u00bb arrow_size_last_edited=\u00bbon|tablet\u00bb admin_label=\u00bbSupreme Image Carousel\u00bb _builder_version=\u00bb4.27.4&#8243; _module_preset=\u00bbdefault\u00bb custom_padding=\u00bb||||false|true\u00bb border_radii_arrow=\u00bbon|90px|90px|90px|90px\u00bb global_colors_info=\u00bb{%22gcid-secondary-color%22:%91%22dots_active_color%22,%22arrow_color%22%93,%22gcid-primary-color%22:%91%22arrow_background_color%22%93}\u00bb][\/dsm_image_carousel][et_pb_button button_url=\u00bbhttps:\/\/www.coverseal.com\/es\/proyectos\/?_gl=1*1vlg9s3*_up*MQ..*_ga*NDg2MDU3NzQ1LjE3NjU5Nzg4MzQ.*_ga_1M41YRKMXD*czE3NjU5Nzg4MzMkbzEkZzEkdDE3NjU5Nzg5MDgkajYwJGwwJGgyOTM0MDMzNTI.\u00bb button_text=\u00bbDescubra todos nuestros proyectos\u00bb button_alignment=\u00bbright\u00bb button_alignment_tablet=\u00bbcenter\u00bb button_alignment_phone=\u00bbcenter\u00bb button_alignment_last_edited=\u00bbon|tablet\u00bb _builder_version=\u00bb4.27.5&#8243; _module_preset=\u00bbdefault\u00bb custom_margin=\u00bb0px||||false|false\u00bb locked=\u00bboff\u00bb global_colors_info=\u00bb{}\u00bb][\/et_pb_button][\/et_pb_column][\/et_pb_row][\/et_pb_section]<\/p>\n","protected":false},"excerpt":{"rendered":"<p>Apasionada por la decoraci\u00f3n, las reformas y el dise\u00f1o, Sarah Millien comparte cada etapa de la renovaci\u00f3n de su casa, la Dream Home Family. Instalada en una casa contempor\u00e1nea cerca de Calais, en el norte de Francia, Sarah ha imaginado un exterior en el que cada detalle cuenta. Elemento central del dise\u00f1o exterior, la piscina se integra con una elegancia discreta en la prolongaci\u00f3n natural de la terraza. <\/p>\n","protected":false},"author":11,"featured_media":9655,"comment_status":"closed","ping_status":"closed","template":"","meta":{"_et_pb_use_builder":"on","_et_pb_old_content":"","_et_gb_content_width":"","footnotes":""},"project_category":[],"project_tag":[],"class_list":["post-9654","project","type-project","status-publish","has-post-thumbnail","hentry"],"yoast_head":"<!-- This site is optimized with the Yoast SEO plugin v27.5 - https:\/\/yoast.com\/product\/yoast-seo-wordpress\/ -->\n<title>Verano en la Dream Home Family | Coverseal<\/title>\n<meta name=\"description\" content=\"Apasionada por la decoraci\u00f3n, las reformas y el dise\u00f1o, Sarah Millien comparte cada etapa de la renovaci\u00f3n de su casa, la Dream Home Family.\" \/>\n<meta name=\"robots\" content=\"index, follow, max-snippet:-1, max-image-preview:large, max-video-preview:-1\" \/>\n<link rel=\"canonical\" href=\"https:\/\/www.coverseal.com\/es\/project\/verano-en-la-dream-home-family\/\" \/>\n<meta property=\"og:locale\" content=\"es_ES\" \/>\n<meta property=\"og:type\" content=\"article\" \/>\n<meta property=\"og:title\" content=\"Verano en la Dream Home Family | Coverseal\" \/>\n<meta property=\"og:description\" content=\"Apasionada por la decoraci\u00f3n, las reformas y el dise\u00f1o, Sarah Millien comparte cada etapa de la renovaci\u00f3n de su casa, la Dream Home Family.\" \/>\n<meta property=\"og:url\" content=\"https:\/\/www.coverseal.com\/es\/project\/verano-en-la-dream-home-family\/\" \/>\n<meta property=\"og:site_name\" content=\"Coverseal\" \/>\n<meta property=\"article:modified_time\" content=\"2026-02-04T12:22:01+00:00\" \/>\n<meta property=\"og:image\" content=\"https:\/\/www.coverseal.com\/wp-content\/uploads\/2025\/08\/DreamHomeFamily3.jpg\" \/>\n\t<meta property=\"og:image:width\" content=\"1200\" \/>\n\t<meta property=\"og:image:height\" content=\"800\" \/>\n\t<meta property=\"og:image:type\" content=\"image\/jpeg\" \/>\n<meta name=\"twitter:card\" content=\"summary_large_image\" \/>\n<meta name=\"twitter:label1\" content=\"Tiempo de lectura\" \/>\n\t<meta name=\"twitter:data1\" content=\"4 minutos\" \/>\n<script type=\"application\/ld+json\" class=\"yoast-schema-graph\">{\"@context\":\"https:\\\/\\\/schema.org\",\"@graph\":[{\"@type\":\"WebPage\",\"@id\":\"https:\\\/\\\/www.coverseal.com\\\/es\\\/project\\\/verano-en-la-dream-home-family\\\/\",\"url\":\"https:\\\/\\\/www.coverseal.com\\\/es\\\/project\\\/verano-en-la-dream-home-family\\\/\",\"name\":\"Verano en la Dream Home Family | Coverseal\",\"isPartOf\":{\"@id\":\"https:\\\/\\\/www.coverseal.com\\\/es\\\/#website\"},\"primaryImageOfPage\":{\"@id\":\"https:\\\/\\\/www.coverseal.com\\\/es\\\/project\\\/verano-en-la-dream-home-family\\\/#primaryimage\"},\"image\":{\"@id\":\"https:\\\/\\\/www.coverseal.com\\\/es\\\/project\\\/verano-en-la-dream-home-family\\\/#primaryimage\"},\"thumbnailUrl\":\"https:\\\/\\\/www.coverseal.com\\\/wp-content\\\/uploads\\\/2025\\\/08\\\/DreamHomeFamily3.jpg\",\"datePublished\":\"2025-08-27T12:57:25+00:00\",\"dateModified\":\"2026-02-04T12:22:01+00:00\",\"description\":\"Apasionada por la decoraci\u00f3n, las reformas y el dise\u00f1o, Sarah Millien comparte cada etapa de la renovaci\u00f3n de su casa, la Dream Home Family.\",\"breadcrumb\":{\"@id\":\"https:\\\/\\\/www.coverseal.com\\\/es\\\/project\\\/verano-en-la-dream-home-family\\\/#breadcrumb\"},\"inLanguage\":\"es\",\"potentialAction\":[{\"@type\":\"ReadAction\",\"target\":[\"https:\\\/\\\/www.coverseal.com\\\/es\\\/project\\\/verano-en-la-dream-home-family\\\/\"]}]},{\"@type\":\"ImageObject\",\"inLanguage\":\"es\",\"@id\":\"https:\\\/\\\/www.coverseal.com\\\/es\\\/project\\\/verano-en-la-dream-home-family\\\/#primaryimage\",\"url\":\"https:\\\/\\\/www.coverseal.com\\\/wp-content\\\/uploads\\\/2025\\\/08\\\/DreamHomeFamily3.jpg\",\"contentUrl\":\"https:\\\/\\\/www.coverseal.com\\\/wp-content\\\/uploads\\\/2025\\\/08\\\/DreamHomeFamily3.jpg\",\"width\":1200,\"height\":800,\"caption\":\"Maison moderne avec grande baie vitr\u00e9e donnant sur une terrasse bois et une piscine prot\u00e9g\u00e9e par une couverture Coverseal premium.\"},{\"@type\":\"BreadcrumbList\",\"@id\":\"https:\\\/\\\/www.coverseal.com\\\/es\\\/project\\\/verano-en-la-dream-home-family\\\/#breadcrumb\",\"itemListElement\":[{\"@type\":\"ListItem\",\"position\":1,\"name\":\"Accueil\",\"item\":\"https:\\\/\\\/www.coverseal.com\\\/es\\\/\"},{\"@type\":\"ListItem\",\"position\":2,\"name\":\"Proyectos\",\"item\":\"https:\\\/\\\/www.coverseal.com\\\/es\\\/project\\\/\"},{\"@type\":\"ListItem\",\"position\":3,\"name\":\"Verano en la Dream Home Family\"}]},{\"@type\":\"WebSite\",\"@id\":\"https:\\\/\\\/www.coverseal.com\\\/es\\\/#website\",\"url\":\"https:\\\/\\\/www.coverseal.com\\\/es\\\/\",\"name\":\"Coverseal\",\"description\":\"\",\"potentialAction\":[{\"@type\":\"SearchAction\",\"target\":{\"@type\":\"EntryPoint\",\"urlTemplate\":\"https:\\\/\\\/www.coverseal.com\\\/es\\\/?s={search_term_string}\"},\"query-input\":{\"@type\":\"PropertyValueSpecification\",\"valueRequired\":true,\"valueName\":\"search_term_string\"}}],\"inLanguage\":\"es\"}]}<\/script>\n<!-- \/ Yoast SEO plugin. -->","yoast_head_json":{"title":"Verano en la Dream Home Family | Coverseal","description":"Apasionada por la decoraci\u00f3n, las reformas y el dise\u00f1o, Sarah Millien comparte cada etapa de la renovaci\u00f3n de su casa, la Dream Home Family.","robots":{"index":"index","follow":"follow","max-snippet":"max-snippet:-1","max-image-preview":"max-image-preview:large","max-video-preview":"max-video-preview:-1"},"canonical":"https:\/\/www.coverseal.com\/es\/project\/verano-en-la-dream-home-family\/","og_locale":"es_ES","og_type":"article","og_title":"Verano en la Dream Home Family | Coverseal","og_description":"Apasionada por la decoraci\u00f3n, las reformas y el dise\u00f1o, Sarah Millien comparte cada etapa de la renovaci\u00f3n de su casa, la Dream Home Family.","og_url":"https:\/\/www.coverseal.com\/es\/project\/verano-en-la-dream-home-family\/","og_site_name":"Coverseal","article_modified_time":"2026-02-04T12:22:01+00:00","og_image":[{"width":1200,"height":800,"url":"https:\/\/www.coverseal.com\/wp-content\/uploads\/2025\/08\/DreamHomeFamily3.jpg","type":"image\/jpeg"}],"twitter_card":"summary_large_image","twitter_misc":{"Tiempo de lectura":"4 minutos"},"schema":{"@context":"https:\/\/schema.org","@graph":[{"@type":"WebPage","@id":"https:\/\/www.coverseal.com\/es\/project\/verano-en-la-dream-home-family\/","url":"https:\/\/www.coverseal.com\/es\/project\/verano-en-la-dream-home-family\/","name":"Verano en la Dream Home Family | Coverseal","isPartOf":{"@id":"https:\/\/www.coverseal.com\/es\/#website"},"primaryImageOfPage":{"@id":"https:\/\/www.coverseal.com\/es\/project\/verano-en-la-dream-home-family\/#primaryimage"},"image":{"@id":"https:\/\/www.coverseal.com\/es\/project\/verano-en-la-dream-home-family\/#primaryimage"},"thumbnailUrl":"https:\/\/www.coverseal.com\/wp-content\/uploads\/2025\/08\/DreamHomeFamily3.jpg","datePublished":"2025-08-27T12:57:25+00:00","dateModified":"2026-02-04T12:22:01+00:00","description":"Apasionada por la decoraci\u00f3n, las reformas y el dise\u00f1o, Sarah Millien comparte cada etapa de la renovaci\u00f3n de su casa, la Dream Home Family.","breadcrumb":{"@id":"https:\/\/www.coverseal.com\/es\/project\/verano-en-la-dream-home-family\/#breadcrumb"},"inLanguage":"es","potentialAction":[{"@type":"ReadAction","target":["https:\/\/www.coverseal.com\/es\/project\/verano-en-la-dream-home-family\/"]}]},{"@type":"ImageObject","inLanguage":"es","@id":"https:\/\/www.coverseal.com\/es\/project\/verano-en-la-dream-home-family\/#primaryimage","url":"https:\/\/www.coverseal.com\/wp-content\/uploads\/2025\/08\/DreamHomeFamily3.jpg","contentUrl":"https:\/\/www.coverseal.com\/wp-content\/uploads\/2025\/08\/DreamHomeFamily3.jpg","width":1200,"height":800,"caption":"Maison moderne avec grande baie vitr\u00e9e donnant sur une terrasse bois et une piscine prot\u00e9g\u00e9e par une couverture Coverseal premium."},{"@type":"BreadcrumbList","@id":"https:\/\/www.coverseal.com\/es\/project\/verano-en-la-dream-home-family\/#breadcrumb","itemListElement":[{"@type":"ListItem","position":1,"name":"Accueil","item":"https:\/\/www.coverseal.com\/es\/"},{"@type":"ListItem","position":2,"name":"Proyectos","item":"https:\/\/www.coverseal.com\/es\/project\/"},{"@type":"ListItem","position":3,"name":"Verano en la Dream Home Family"}]},{"@type":"WebSite","@id":"https:\/\/www.coverseal.com\/es\/#website","url":"https:\/\/www.coverseal.com\/es\/","name":"Coverseal","description":"","potentialAction":[{"@type":"SearchAction","target":{"@type":"EntryPoint","urlTemplate":"https:\/\/www.coverseal.com\/es\/?s={search_term_string}"},"query-input":{"@type":"PropertyValueSpecification","valueRequired":true,"valueName":"search_term_string"}}],"inLanguage":"es"}]}},"_links":{"self":[{"href":"https:\/\/www.coverseal.com\/es\/wp-json\/wp\/v2\/project\/9654","targetHints":{"allow":["GET"]}}],"collection":[{"href":"https:\/\/www.coverseal.com\/es\/wp-json\/wp\/v2\/project"}],"about":[{"href":"https:\/\/www.coverseal.com\/es\/wp-json\/wp\/v2\/types\/project"}],"author":[{"embeddable":true,"href":"https:\/\/www.coverseal.com\/es\/wp-json\/wp\/v2\/users\/11"}],"replies":[{"embeddable":true,"href":"https:\/\/www.coverseal.com\/es\/wp-json\/wp\/v2\/comments?post=9654"}],"version-history":[{"count":6,"href":"https:\/\/www.coverseal.com\/es\/wp-json\/wp\/v2\/project\/9654\/revisions"}],"predecessor-version":[{"id":10122,"href":"https:\/\/www.coverseal.com\/es\/wp-json\/wp\/v2\/project\/9654\/revisions\/10122"}],"wp:featuredmedia":[{"embeddable":true,"href":"https:\/\/www.coverseal.com\/es\/wp-json\/wp\/v2\/media\/9655"}],"wp:attachment":[{"href":"https:\/\/www.coverseal.com\/es\/wp-json\/wp\/v2\/media?parent=9654"}],"wp:term":[{"taxonomy":"project_category","embeddable":true,"href":"https:\/\/www.coverseal.com\/es\/wp-json\/wp\/v2\/project_category?post=9654"},{"taxonomy":"project_tag","embeddable":true,"href":"https:\/\/www.coverseal.com\/es\/wp-json\/wp\/v2\/project_tag?post=9654"}],"curies":[{"name":"wp","href":"https:\/\/api.w.org\/{rel}","templated":true}]}}