{"id":9670,"date":"2025-07-18T14:07:40","date_gmt":"2025-07-18T12:07:40","guid":{"rendered":"https:\/\/coverseal-com.poush-dev.be\/project\/lete-chez-stephane-et-stefany\/"},"modified":"2026-02-04T13:22:22","modified_gmt":"2026-02-04T12:22:22","slug":"verano-en-casa-de-stephane-y-stefany","status":"publish","type":"project","link":"https:\/\/www.coverseal.com\/es\/project\/verano-en-casa-de-stephane-y-stefany\/","title":{"rendered":"Verano en casa de St\u00e9phane y St\u00e9fany"},"content":{"rendered":"<p>[et_pb_section fb_built=\u00bb1&#8243; _builder_version=\u00bb4.27.4&#8243; _module_preset=\u00bbdefault\u00bb global_colors_info=\u00bb{}\u00bb][et_pb_row column_structure=\u00bb1_2,1_2&#8243; make_equal=\u00bbon\u00bb module_class=\u00bbcustom-align-vertical-reverse\u00bb _builder_version=\u00bb4.27.4&#8243; _module_preset=\u00bbdefault\u00bb global_colors_info=\u00bb{}\u00bb][et_pb_column type=\u00bb1_2&#8243; _builder_version=\u00bb4.27.4&#8243; _module_preset=\u00bbdefault\u00bb global_colors_info=\u00bb{}\u00bb][et_pb_text _builder_version=\u00bb4.27.5&#8243; _module_preset=\u00bbdefault\u00bb header_2_text_color=\u00bbgcid-secondary-color\u00bb global_colors_info=\u00bb{%22gcid-secondary-color%22:%91%22header_2_text_color%22%93}\u00bb]<\/p>\n<h2><em>Lo que realmente importa<\/em><\/h2>\n<div class=\"ewa-rteLine\">\n<p>Rodeada de pl\u00e1tanos y expuesta al mistral, mantener la limpieza del agua se volv\u00eda d\u00eda tras d\u00eda m\u00e1s dif\u00edcil. <em>\u201cEl mantenimiento que realizaba durante todo el a\u00f1o, debido a nuestro entorno, simplemente se hab\u00eda vuelto insoportable.\u201d<\/em> St\u00e9phane y St\u00e9fany buscaban una soluci\u00f3n capaz de preservar de forma duradera la <strong>calidad del agua<\/strong> limitando la evaporaci\u00f3n y los dep\u00f3sitos de impurezas.<\/p>\n<p>Pero sus exigencias no se deten\u00edan ah\u00ed: como creadores de contenido especializados en la renovaci\u00f3n, quer\u00edan, de la misma manera, una soluci\u00f3n que se integrara con <strong>discreci\u00f3n y elegancia<\/strong> en su entorno exterior. El dise\u00f1o deb\u00eda no solo responder a criterios est\u00e9ticos, sino tambi\u00e9n dialogar armoniosamente con el pavimento de su terraza.<\/p>\n<\/div>\n<p>[\/et_pb_text][\/et_pb_column][et_pb_column type=\u00bb1_2&#8243; _builder_version=\u00bb4.27.4&#8243; _module_preset=\u00bbdefault\u00bb global_colors_info=\u00bb{}\u00bb][et_pb_image src=\u00bbhttps:\/\/www.coverseal.com\/wp-content\/uploads\/2025\/07\/Travelhouse_27-Site-Real.jpg\u00bb alt=\u00bbPiscine rectangulaire entour\u00e9e de dalles grises, avec un volet de protection, bord\u00e9e de v\u00e9g\u00e9tation luxuriante sous un ciel partiellement nuageux.\u00bb title_text=\u00bbTravelhouse_27- Site R\u00e9al\u00bb _builder_version=\u00bb4.27.4&#8243; _module_preset=\u00bbdefault\u00bb global_colors_info=\u00bb{}\u00bb][\/et_pb_image][\/et_pb_column][\/et_pb_row][et_pb_row column_structure=\u00bb1_2,1_2&#8243; make_equal=\u00bbon\u00bb module_class=\u00bbcustom-align-vertical\u00bb _builder_version=\u00bb4.27.4&#8243; _module_preset=\u00bbdefault\u00bb global_colors_info=\u00bb{}\u00bb][et_pb_column type=\u00bb1_2&#8243; _builder_version=\u00bb4.27.4&#8243; _module_preset=\u00bbdefault\u00bb global_colors_info=\u00bb{}\u00bb][et_pb_image src=\u00bbhttps:\/\/www.coverseal.com\/wp-content\/uploads\/2025\/07\/Travelhouse_37-Site-Caroussel.jpg\u00bb alt=\u00bbCour int\u00e9rieure avec fa\u00e7ade en pierre, pergola grise, mobilier de jardin et couverture de piscine grise entour\u00e9e de plantes vertes.\u00bb title_text=\u00bbTravelhouse_37- R\u00e9al. St\u00e9phane &#038; St\u00e9fany\u00bb _builder_version=\u00bb4.27.4&#8243; _module_preset=\u00bbdefault\u00bb global_colors_info=\u00bb{}\u00bb][\/et_pb_image][\/et_pb_column][et_pb_column type=\u00bb1_2&#8243; _builder_version=\u00bb4.27.4&#8243; _module_preset=\u00bbdefault\u00bb global_colors_info=\u00bb{}\u00bb][et_pb_text _builder_version=\u00bb4.27.5&#8243; _module_preset=\u00bbdefault\u00bb header_2_text_color=\u00bbgcid-secondary-color\u00bb global_colors_info=\u00bb{%22gcid-secondary-color%22:%91%22header_2_text_color%22%93}\u00bb]<\/p>\n<h2><em>La soluci\u00f3n a medida<\/em><\/h2>\n<div class=\"ewa-rteLine\">\n<p>Despu\u00e9s de largas b\u00fasquedas, fue por recomendaci\u00f3n como descubrieron Coverseal. Han optado por el modelo Autom\u00e1tico de la gama Coverseal. Gracias a los <strong>paneles fotovoltaicos<\/strong> que alimentan las bater\u00edas, esta cubierta es <strong>completamente aut\u00f3noma<\/strong>. Su dise\u00f1o refinado y sus cuidados acabados le permiten integrarse con elegancia en su terraza.<\/p>\n<p>Con su membrana perfectamente tensada, la Coverseal protege el <strong>agua<\/strong> de forma eficaz, impidiendo la entrada de hojas u otras impurezas. En cuanto a los acabados, la pareja ha quedado encantada: <em>\u201cEstamos enamorados del resultado final, tiene clase, es discreto y minimalista.\u201d<\/em><\/p>\n<\/div>\n<p>[\/et_pb_text][\/et_pb_column][\/et_pb_row][et_pb_row _builder_version=\u00bb4.27.4&#8243; _module_preset=\u00bbdefault\u00bb custom_margin=\u00bb||0px||false|false\u00bb global_colors_info=\u00bb{}\u00bb][et_pb_column type=\u00bb4_4&#8243; _builder_version=\u00bb4.27.4&#8243; _module_preset=\u00bbdefault\u00bb global_colors_info=\u00bb{}\u00bb][et_pb_text _builder_version=\u00bb4.27.5&#8243; _module_preset=\u00bbdefault\u00bb header_2_text_color=\u00bbgcid-secondary-color\u00bb max_width=\u00bb990px\u00bb custom_margin=\u00bb||50px||false|false\u00bb global_colors_info=\u00bb{%22gcid-secondary-color%22:%91%22header_2_text_color%22%93}\u00bb]<\/p>\n<h2><em>Vida cotidiana simplificada, placer preservado<\/em><\/h2>\n<div class=\"ewa-rteLine\">\n<p><em>\u201cEntre el lado pr\u00e1ctico y el est\u00e9tico, no lo dudamos ni un segundo.\u201d<\/em><\/p>\n<p>Para ellos, la Coverseal encarna el equilibrio perfecto. <strong>Segura, limpia y siempre lista<\/strong>, su piscina se ha convertido en una verdadera prolongaci\u00f3n de su estilo de vida.<\/p>\n<\/div>\n<p>[\/et_pb_text][\/et_pb_column][\/et_pb_row][et_pb_row custom_padding_last_edited=\u00bbon|phone\u00bb _builder_version=\u00bb4.27.4&#8243; _module_preset=\u00bbdefault\u00bb custom_margin=\u00bb||0px||false|false\u00bb custom_padding=\u00bb0px|0px|0px|0px|true|true\u00bb custom_padding_tablet=\u00bb0px|0px|0px|0px|true|true\u00bb custom_padding_phone=\u00bb|0px||0px|true|true\u00bb global_colors_info=\u00bb{}\u00bb][et_pb_column type=\u00bb4_4&#8243; _builder_version=\u00bb4.27.4&#8243; _module_preset=\u00bbdefault\u00bb global_colors_info=\u00bb{}\u00bb][dsm_image_carousel gallery_ids=\u00bb6062,6071,6075,6065,6284,6287,6068,6293&#8243; sizes=\u00bbet-pb-portfolio-image\u00bb use_arrow_custom_position=\u00bbon\u00bb arrow_custom_position=\u00bb-54px\u00bb arrow_prev=\u00bbon\u00bb arrow_prev_font_icon=\u00bb&#x23;||divi||400&#8243; arrow_next=\u00bbon\u00bb arrow_next_font_icon=\u00bb&#x24;||divi||400&#8243; arrow_size=\u00bb30px\u00bb arrow_color=\u00bbgcid-secondary-color\u00bb arrow_background_color=\u00bbgcid-primary-color\u00bb dots_horizontal_placement=\u00bb-46px\u00bb dots_active_color=\u00bbgcid-secondary-color\u00bb slide_to_show_tablet=\u00bb2&#8243; slide_to_show_phone=\u00bb1&#8243; slide_to_show_last_edited=\u00bbon|phone\u00bb arrow_custom_position_tablet=\u00bb-28px\u00bb arrow_custom_position_phone=\u00bb-28px\u00bb arrow_custom_position_last_edited=\u00bbon|tablet\u00bb arrow_size_tablet=\u00bb23px\u00bb arrow_size_phone=\u00bb23px\u00bb arrow_size_last_edited=\u00bbon|tablet\u00bb _builder_version=\u00bb4.27.4&#8243; _module_preset=\u00bbdefault\u00bb custom_padding=\u00bb||||false|true\u00bb border_radii_arrow=\u00bbon|90px|90px|90px|90px\u00bb global_colors_info=\u00bb{%22gcid-secondary-color%22:%91%22dots_active_color%22,%22arrow_color%22%93,%22gcid-primary-color%22:%91%22arrow_background_color%22%93}\u00bb][\/dsm_image_carousel][et_pb_button button_url=\u00bbhttps:\/\/www.coverseal.com\/es\/proyectos\/?_gl=1*1vlg9s3*_up*MQ..*_ga*NDg2MDU3NzQ1LjE3NjU5Nzg4MzQ.*_ga_1M41YRKMXD*czE3NjU5Nzg4MzMkbzEkZzEkdDE3NjU5Nzg5MDgkajYwJGwwJGgyOTM0MDMzNTI.\u00bb button_text=\u00bbDescubra todos nuestros proyectos\u00bb button_alignment=\u00bbright\u00bb button_alignment_tablet=\u00bbcenter\u00bb button_alignment_phone=\u00bbcenter\u00bb button_alignment_last_edited=\u00bbon|tablet\u00bb _builder_version=\u00bb4.27.5&#8243; _module_preset=\u00bbdefault\u00bb custom_margin=\u00bb0px||||false|false\u00bb locked=\u00bboff\u00bb global_colors_info=\u00bb{}\u00bb][\/et_pb_button][\/et_pb_column][\/et_pb_row][\/et_pb_section]<\/p>\n","protected":false},"excerpt":{"rendered":"<p>Creadores de contenido apasionados por la renovaci\u00f3n y el dise\u00f1o, St\u00e9phane y St\u00e9fany han hecho de su casa provenzal, ubicada en el sur de Francia, en un verdadero manifiesto de su estilo de vida. Materiales en bruto, l\u00edneas depuradas, toques contempor\u00e1neos: aqu\u00ed cada detalle cuenta. Y su piscina no es una excepci\u00f3n. Elemento central de la terraza, esta deb\u00eda integrarse de manera impecable con el conjunto, siendo, al mismo tiempo, f\u00e1cil de mantener a pesar de las limitaciones de su entorno.<\/p>\n","protected":false},"author":11,"featured_media":9671,"comment_status":"closed","ping_status":"closed","template":"","meta":{"_et_pb_use_builder":"on","_et_pb_old_content":"","_et_gb_content_width":"","footnotes":""},"project_category":[],"project_tag":[],"class_list":["post-9670","project","type-project","status-publish","has-post-thumbnail","hentry"],"yoast_head":"<!-- This site is optimized with the Yoast SEO plugin v27.5 - https:\/\/yoast.com\/product\/yoast-seo-wordpress\/ -->\n<title>Verano en casa de St\u00e9phane y St\u00e9fany | Coverseal<\/title>\n<meta name=\"description\" content=\"Creadores de contenido apasionados por la renovaci\u00f3n y el dise\u00f1o, St\u00e9phane y St\u00e9fany han hecho de su casa provenzal, ubicada en el sur de Francia, en un verdadero manifiesto de su estilo de vida.\" \/>\n<meta name=\"robots\" content=\"index, follow, max-snippet:-1, max-image-preview:large, max-video-preview:-1\" \/>\n<link rel=\"canonical\" href=\"https:\/\/www.coverseal.com\/es\/project\/verano-en-casa-de-stephane-y-stefany\/\" \/>\n<meta property=\"og:locale\" content=\"es_ES\" \/>\n<meta property=\"og:type\" content=\"article\" \/>\n<meta property=\"og:title\" content=\"Verano en casa de St\u00e9phane y St\u00e9fany | Coverseal\" \/>\n<meta property=\"og:description\" content=\"Creadores de contenido apasionados por la renovaci\u00f3n y el dise\u00f1o, St\u00e9phane y St\u00e9fany han hecho de su casa provenzal, ubicada en el sur de Francia, en un verdadero manifiesto de su estilo de vida.\" \/>\n<meta property=\"og:url\" content=\"https:\/\/www.coverseal.com\/es\/project\/verano-en-casa-de-stephane-y-stefany\/\" \/>\n<meta property=\"og:site_name\" content=\"Coverseal\" \/>\n<meta property=\"article:modified_time\" content=\"2026-02-04T12:22:22+00:00\" \/>\n<meta property=\"og:image\" content=\"https:\/\/www.coverseal.com\/wp-content\/uploads\/2025\/07\/Travelhouse_29-Site-Real.jpg\" \/>\n\t<meta property=\"og:image:width\" content=\"1200\" \/>\n\t<meta property=\"og:image:height\" content=\"800\" \/>\n\t<meta property=\"og:image:type\" content=\"image\/jpeg\" \/>\n<meta name=\"twitter:card\" content=\"summary_large_image\" \/>\n<meta name=\"twitter:label1\" content=\"Tiempo de lectura\" \/>\n\t<meta name=\"twitter:data1\" content=\"4 minutos\" \/>\n<script type=\"application\/ld+json\" class=\"yoast-schema-graph\">{\"@context\":\"https:\\\/\\\/schema.org\",\"@graph\":[{\"@type\":\"WebPage\",\"@id\":\"https:\\\/\\\/www.coverseal.com\\\/es\\\/project\\\/verano-en-casa-de-stephane-y-stefany\\\/\",\"url\":\"https:\\\/\\\/www.coverseal.com\\\/es\\\/project\\\/verano-en-casa-de-stephane-y-stefany\\\/\",\"name\":\"Verano en casa de St\u00e9phane y St\u00e9fany | Coverseal\",\"isPartOf\":{\"@id\":\"https:\\\/\\\/www.coverseal.com\\\/es\\\/#website\"},\"primaryImageOfPage\":{\"@id\":\"https:\\\/\\\/www.coverseal.com\\\/es\\\/project\\\/verano-en-casa-de-stephane-y-stefany\\\/#primaryimage\"},\"image\":{\"@id\":\"https:\\\/\\\/www.coverseal.com\\\/es\\\/project\\\/verano-en-casa-de-stephane-y-stefany\\\/#primaryimage\"},\"thumbnailUrl\":\"https:\\\/\\\/www.coverseal.com\\\/wp-content\\\/uploads\\\/2025\\\/07\\\/Travelhouse_29-Site-Real.jpg\",\"datePublished\":\"2025-07-18T12:07:40+00:00\",\"dateModified\":\"2026-02-04T12:22:22+00:00\",\"description\":\"Creadores de contenido apasionados por la renovaci\u00f3n y el dise\u00f1o, St\u00e9phane y St\u00e9fany han hecho de su casa provenzal, ubicada en el sur de Francia, en un verdadero manifiesto de su estilo de vida.\",\"breadcrumb\":{\"@id\":\"https:\\\/\\\/www.coverseal.com\\\/es\\\/project\\\/verano-en-casa-de-stephane-y-stefany\\\/#breadcrumb\"},\"inLanguage\":\"es\",\"potentialAction\":[{\"@type\":\"ReadAction\",\"target\":[\"https:\\\/\\\/www.coverseal.com\\\/es\\\/project\\\/verano-en-casa-de-stephane-y-stefany\\\/\"]}]},{\"@type\":\"ImageObject\",\"inLanguage\":\"es\",\"@id\":\"https:\\\/\\\/www.coverseal.com\\\/es\\\/project\\\/verano-en-casa-de-stephane-y-stefany\\\/#primaryimage\",\"url\":\"https:\\\/\\\/www.coverseal.com\\\/wp-content\\\/uploads\\\/2025\\\/07\\\/Travelhouse_29-Site-Real.jpg\",\"contentUrl\":\"https:\\\/\\\/www.coverseal.com\\\/wp-content\\\/uploads\\\/2025\\\/07\\\/Travelhouse_29-Site-Real.jpg\",\"width\":1200,\"height\":800,\"caption\":\"Maison en pierre avec volets gris, piscine couverte, transats et v\u00e9g\u00e9tation environnante sous un ciel partiellement nuageux.\"},{\"@type\":\"BreadcrumbList\",\"@id\":\"https:\\\/\\\/www.coverseal.com\\\/es\\\/project\\\/verano-en-casa-de-stephane-y-stefany\\\/#breadcrumb\",\"itemListElement\":[{\"@type\":\"ListItem\",\"position\":1,\"name\":\"Accueil\",\"item\":\"https:\\\/\\\/www.coverseal.com\\\/es\\\/\"},{\"@type\":\"ListItem\",\"position\":2,\"name\":\"Proyectos\",\"item\":\"https:\\\/\\\/www.coverseal.com\\\/es\\\/project\\\/\"},{\"@type\":\"ListItem\",\"position\":3,\"name\":\"Verano en casa de St\u00e9phane y St\u00e9fany\"}]},{\"@type\":\"WebSite\",\"@id\":\"https:\\\/\\\/www.coverseal.com\\\/es\\\/#website\",\"url\":\"https:\\\/\\\/www.coverseal.com\\\/es\\\/\",\"name\":\"Coverseal\",\"description\":\"\",\"potentialAction\":[{\"@type\":\"SearchAction\",\"target\":{\"@type\":\"EntryPoint\",\"urlTemplate\":\"https:\\\/\\\/www.coverseal.com\\\/es\\\/?s={search_term_string}\"},\"query-input\":{\"@type\":\"PropertyValueSpecification\",\"valueRequired\":true,\"valueName\":\"search_term_string\"}}],\"inLanguage\":\"es\"}]}<\/script>\n<!-- \/ Yoast SEO plugin. -->","yoast_head_json":{"title":"Verano en casa de St\u00e9phane y St\u00e9fany | Coverseal","description":"Creadores de contenido apasionados por la renovaci\u00f3n y el dise\u00f1o, St\u00e9phane y St\u00e9fany han hecho de su casa provenzal, ubicada en el sur de Francia, en un verdadero manifiesto de su estilo de vida.","robots":{"index":"index","follow":"follow","max-snippet":"max-snippet:-1","max-image-preview":"max-image-preview:large","max-video-preview":"max-video-preview:-1"},"canonical":"https:\/\/www.coverseal.com\/es\/project\/verano-en-casa-de-stephane-y-stefany\/","og_locale":"es_ES","og_type":"article","og_title":"Verano en casa de St\u00e9phane y St\u00e9fany | Coverseal","og_description":"Creadores de contenido apasionados por la renovaci\u00f3n y el dise\u00f1o, St\u00e9phane y St\u00e9fany han hecho de su casa provenzal, ubicada en el sur de Francia, en un verdadero manifiesto de su estilo de vida.","og_url":"https:\/\/www.coverseal.com\/es\/project\/verano-en-casa-de-stephane-y-stefany\/","og_site_name":"Coverseal","article_modified_time":"2026-02-04T12:22:22+00:00","og_image":[{"width":1200,"height":800,"url":"https:\/\/www.coverseal.com\/wp-content\/uploads\/2025\/07\/Travelhouse_29-Site-Real.jpg","type":"image\/jpeg"}],"twitter_card":"summary_large_image","twitter_misc":{"Tiempo de lectura":"4 minutos"},"schema":{"@context":"https:\/\/schema.org","@graph":[{"@type":"WebPage","@id":"https:\/\/www.coverseal.com\/es\/project\/verano-en-casa-de-stephane-y-stefany\/","url":"https:\/\/www.coverseal.com\/es\/project\/verano-en-casa-de-stephane-y-stefany\/","name":"Verano en casa de St\u00e9phane y St\u00e9fany | Coverseal","isPartOf":{"@id":"https:\/\/www.coverseal.com\/es\/#website"},"primaryImageOfPage":{"@id":"https:\/\/www.coverseal.com\/es\/project\/verano-en-casa-de-stephane-y-stefany\/#primaryimage"},"image":{"@id":"https:\/\/www.coverseal.com\/es\/project\/verano-en-casa-de-stephane-y-stefany\/#primaryimage"},"thumbnailUrl":"https:\/\/www.coverseal.com\/wp-content\/uploads\/2025\/07\/Travelhouse_29-Site-Real.jpg","datePublished":"2025-07-18T12:07:40+00:00","dateModified":"2026-02-04T12:22:22+00:00","description":"Creadores de contenido apasionados por la renovaci\u00f3n y el dise\u00f1o, St\u00e9phane y St\u00e9fany han hecho de su casa provenzal, ubicada en el sur de Francia, en un verdadero manifiesto de su estilo de vida.","breadcrumb":{"@id":"https:\/\/www.coverseal.com\/es\/project\/verano-en-casa-de-stephane-y-stefany\/#breadcrumb"},"inLanguage":"es","potentialAction":[{"@type":"ReadAction","target":["https:\/\/www.coverseal.com\/es\/project\/verano-en-casa-de-stephane-y-stefany\/"]}]},{"@type":"ImageObject","inLanguage":"es","@id":"https:\/\/www.coverseal.com\/es\/project\/verano-en-casa-de-stephane-y-stefany\/#primaryimage","url":"https:\/\/www.coverseal.com\/wp-content\/uploads\/2025\/07\/Travelhouse_29-Site-Real.jpg","contentUrl":"https:\/\/www.coverseal.com\/wp-content\/uploads\/2025\/07\/Travelhouse_29-Site-Real.jpg","width":1200,"height":800,"caption":"Maison en pierre avec volets gris, piscine couverte, transats et v\u00e9g\u00e9tation environnante sous un ciel partiellement nuageux."},{"@type":"BreadcrumbList","@id":"https:\/\/www.coverseal.com\/es\/project\/verano-en-casa-de-stephane-y-stefany\/#breadcrumb","itemListElement":[{"@type":"ListItem","position":1,"name":"Accueil","item":"https:\/\/www.coverseal.com\/es\/"},{"@type":"ListItem","position":2,"name":"Proyectos","item":"https:\/\/www.coverseal.com\/es\/project\/"},{"@type":"ListItem","position":3,"name":"Verano en casa de St\u00e9phane y St\u00e9fany"}]},{"@type":"WebSite","@id":"https:\/\/www.coverseal.com\/es\/#website","url":"https:\/\/www.coverseal.com\/es\/","name":"Coverseal","description":"","potentialAction":[{"@type":"SearchAction","target":{"@type":"EntryPoint","urlTemplate":"https:\/\/www.coverseal.com\/es\/?s={search_term_string}"},"query-input":{"@type":"PropertyValueSpecification","valueRequired":true,"valueName":"search_term_string"}}],"inLanguage":"es"}]}},"_links":{"self":[{"href":"https:\/\/www.coverseal.com\/es\/wp-json\/wp\/v2\/project\/9670","targetHints":{"allow":["GET"]}}],"collection":[{"href":"https:\/\/www.coverseal.com\/es\/wp-json\/wp\/v2\/project"}],"about":[{"href":"https:\/\/www.coverseal.com\/es\/wp-json\/wp\/v2\/types\/project"}],"author":[{"embeddable":true,"href":"https:\/\/www.coverseal.com\/es\/wp-json\/wp\/v2\/users\/11"}],"replies":[{"embeddable":true,"href":"https:\/\/www.coverseal.com\/es\/wp-json\/wp\/v2\/comments?post=9670"}],"version-history":[{"count":8,"href":"https:\/\/www.coverseal.com\/es\/wp-json\/wp\/v2\/project\/9670\/revisions"}],"predecessor-version":[{"id":10330,"href":"https:\/\/www.coverseal.com\/es\/wp-json\/wp\/v2\/project\/9670\/revisions\/10330"}],"wp:featuredmedia":[{"embeddable":true,"href":"https:\/\/www.coverseal.com\/es\/wp-json\/wp\/v2\/media\/9671"}],"wp:attachment":[{"href":"https:\/\/www.coverseal.com\/es\/wp-json\/wp\/v2\/media?parent=9670"}],"wp:term":[{"taxonomy":"project_category","embeddable":true,"href":"https:\/\/www.coverseal.com\/es\/wp-json\/wp\/v2\/project_category?post=9670"},{"taxonomy":"project_tag","embeddable":true,"href":"https:\/\/www.coverseal.com\/es\/wp-json\/wp\/v2\/project_tag?post=9670"}],"curies":[{"name":"wp","href":"https:\/\/api.w.org\/{rel}","templated":true}]}}