{"id":9713,"date":"2025-04-02T14:19:30","date_gmt":"2025-04-02T12:19:30","guid":{"rendered":"https:\/\/coverseal-com.poush-dev.be\/project\/le-printemps-chez-anna-luc\/"},"modified":"2026-02-04T13:23:05","modified_gmt":"2026-02-04T12:23:05","slug":"primavera-en-casa-de-anna-y-luc","status":"publish","type":"project","link":"https:\/\/www.coverseal.com\/es\/project\/primavera-en-casa-de-anna-y-luc\/","title":{"rendered":"Primavera en casa de Anna y Luc"},"content":{"rendered":"<p>[et_pb_section fb_built=\u00bb1&#8243; _builder_version=\u00bb4.27.4&#8243; _module_preset=\u00bbdefault\u00bb global_colors_info=\u00bb{}\u00bb][et_pb_row column_structure=\u00bb1_2,1_2&#8243; make_equal=\u00bbon\u00bb module_class=\u00bbcustom-align-vertical-reverse\u00bb _builder_version=\u00bb4.27.4&#8243; _module_preset=\u00bbdefault\u00bb global_colors_info=\u00bb{}\u00bb][et_pb_column type=\u00bb1_2&#8243; _builder_version=\u00bb4.27.4&#8243; _module_preset=\u00bbdefault\u00bb global_colors_info=\u00bb{}\u00bb][et_pb_text _builder_version=\u00bb4.27.5&#8243; _module_preset=\u00bbdefault\u00bb header_2_text_color=\u00bbgcid-secondary-color\u00bb global_colors_info=\u00bb{%22gcid-secondary-color%22:%91%22header_2_text_color%22%93}\u00bb]<\/p>\n<h2>Lo que realmente importa<\/h2>\n<p>Deportistas y a menudo con prisas, Anna y Luc so\u00f1aban con una piscina disponible en todo momento, sin restricciones. Pero en este jard\u00edn estructurado al cent\u00edmetro, no se trata de abarrotar el espacio con un sistema voluminoso o visible.<\/p>\n<p>Su prioridad era encontrar una soluci\u00f3n que protegiera el agua de las hojas ca\u00eddas del gran casta\u00f1o de al lado y que, al mismo tiempo, se integrara est\u00e9ticamente en el estilo de su casa. En definitiva, una cubierta <strong>eficaz<\/strong>, <strong>discreta<\/strong> y decididamente <strong>elegante<\/strong>.<br \/>\n[\/et_pb_text][\/et_pb_column][et_pb_column type=\u00bb1_2&#8243; _builder_version=\u00bb4.27.4&#8243; _module_preset=\u00bbdefault\u00bb global_colors_info=\u00bb{}\u00bb][et_pb_image src=\u00bbhttps:\/\/www.coverseal.com\/wp-content\/uploads\/2025\/04\/Chez-Anna-et-Luc-3.webp\u00bb alt=\u00bbCour arri\u00e8re avec piscine couverte noire, entour\u00e9e de murs en briques rouges et de v\u00e9g\u00e9tation, deux chaises longues bleues visibles.\u00bb title_text=\u00bbChez-Anna-et-Luc-3&#8243; _builder_version=\u00bb4.27.4&#8243; _module_preset=\u00bbdefault\u00bb global_colors_info=\u00bb{}\u00bb][\/et_pb_image][\/et_pb_column][\/et_pb_row][et_pb_row column_structure=\u00bb1_2,1_2&#8243; make_equal=\u00bbon\u00bb module_class=\u00bbcustom-align-vertical\u00bb _builder_version=\u00bb4.27.4&#8243; _module_preset=\u00bbdefault\u00bb global_colors_info=\u00bb{}\u00bb][et_pb_column type=\u00bb1_2&#8243; _builder_version=\u00bb4.27.4&#8243; _module_preset=\u00bbdefault\u00bb global_colors_info=\u00bb{}\u00bb][et_pb_image src=\u00bbhttps:\/\/www.coverseal.com\/wp-content\/uploads\/2025\/04\/Chez-Anna-et-Luc-4.webp\u00bb alt=\u00bbBo\u00eetier noir avec panneaux solaires \u00e0 c\u00f4t\u00e9 d&#8217;une piscine, entour\u00e9 de plantes vertes et de fleurs violettes.\u00bb title_text=\u00bbChez-Anna-et-Luc-4&#8243; _builder_version=\u00bb4.27.4&#8243; _module_preset=\u00bbdefault\u00bb global_colors_info=\u00bb{}\u00bb][\/et_pb_image][\/et_pb_column][et_pb_column type=\u00bb1_2&#8243; _builder_version=\u00bb4.27.4&#8243; _module_preset=\u00bbdefault\u00bb global_colors_info=\u00bb{}\u00bb][et_pb_text _builder_version=\u00bb4.27.5&#8243; _module_preset=\u00bbdefault\u00bb header_2_text_color=\u00bbgcid-secondary-color\u00bb global_colors_info=\u00bb{%22gcid-secondary-color%22:%91%22header_2_text_color%22%93}\u00bb]<\/p>\n<h2>La soluci\u00f3n a medida<\/h2>\n<p>Anna y Luc descubrieron <strong>Coverseal<\/strong> gracias al boca a boca. Convencidos por la experiencia de sus amigos, optaron por nuestro modelo <strong>A<\/strong><strong>utom\u00e1tico<\/strong>, seducidos por su <strong>dise\u00f1o minimalista<\/strong> y su <strong>personalizaci\u00f3n total<\/strong>.<\/p>\n<p>La elecci\u00f3n del revestimiento negro crea una continuidad visual perfecta con la carpinter\u00eda de la casa, al tiempo que contrasta sutilmente con el muro claro del jard\u00edn.<\/p>\n<p>Compacta y perfectamente estanca, la Coverseal mantiene la piscina limpia a pesar de los caprichos del casta\u00f1o, sin necesidad de espacio libre. Una <strong>soluci\u00f3n ideal<\/strong> para conservar el estilo del lugar a la vez que se simplifica el mantenimiento.<br \/>\n[\/et_pb_text][\/et_pb_column][\/et_pb_row][et_pb_row _builder_version=\u00bb4.27.4&#8243; _module_preset=\u00bbdefault\u00bb custom_margin=\u00bb||0px||false|false\u00bb global_colors_info=\u00bb{}\u00bb][et_pb_column type=\u00bb4_4&#8243; _builder_version=\u00bb4.27.4&#8243; _module_preset=\u00bbdefault\u00bb global_colors_info=\u00bb{}\u00bb][et_pb_text _builder_version=\u00bb4.27.5&#8243; _module_preset=\u00bbdefault\u00bb header_2_text_color=\u00bbgcid-secondary-color\u00bb max_width=\u00bb990px\u00bb custom_margin=\u00bb||50px||false|false\u00bb global_colors_info=\u00bb{%22gcid-secondary-color%22:%91%22header_2_text_color%22%93}\u00bb]<\/p>\n<h2><em>Vida cotidiana simplificada, placer preservado<\/em><\/h2>\n<p>Hoy, Anna y Luc pueden disfrutar plenamente de su piscina, en cualquier momento y sin ning\u00fan esfuerzo. Su Coverseal se integra <strong>discretamente<\/strong>, <strong>protege eficazmente del agua<\/strong> y acompa\u00f1a su estilo de vida, con estilo y serenidad.<br \/>\n[\/et_pb_text][\/et_pb_column][\/et_pb_row][et_pb_row custom_padding_last_edited=\u00bbon|phone\u00bb _builder_version=\u00bb4.27.4&#8243; _module_preset=\u00bbdefault\u00bb custom_margin=\u00bb||0px||false|false\u00bb custom_padding=\u00bb0px|0px|0px|0px|true|true\u00bb custom_padding_tablet=\u00bb0px|0px|0px|0px|true|true\u00bb custom_padding_phone=\u00bb|0px||0px|true|true\u00bb global_colors_info=\u00bb{}\u00bb][et_pb_column type=\u00bb4_4&#8243; _builder_version=\u00bb4.27.4&#8243; _module_preset=\u00bbdefault\u00bb global_colors_info=\u00bb{}\u00bb][dsm_image_carousel gallery_ids=\u00bb2476,2477,2478,2475,2474&#8243; sizes=\u00bbet-pb-portfolio-image\u00bb use_arrow_custom_position=\u00bbon\u00bb arrow_custom_position=\u00bb-54px\u00bb arrow_prev=\u00bbon\u00bb arrow_prev_font_icon=\u00bb&#x23;||divi||400&#8243; arrow_next=\u00bbon\u00bb arrow_next_font_icon=\u00bb&#x24;||divi||400&#8243; arrow_size=\u00bb30px\u00bb arrow_color=\u00bbgcid-secondary-color\u00bb arrow_background_color=\u00bbgcid-primary-color\u00bb dots_horizontal_placement=\u00bb-46px\u00bb dots_active_color=\u00bbgcid-secondary-color\u00bb slide_to_show_tablet=\u00bb2&#8243; slide_to_show_phone=\u00bb1&#8243; slide_to_show_last_edited=\u00bbon|phone\u00bb arrow_custom_position_tablet=\u00bb-28px\u00bb arrow_custom_position_phone=\u00bb-28px\u00bb arrow_custom_position_last_edited=\u00bbon|tablet\u00bb arrow_size_tablet=\u00bb23px\u00bb arrow_size_phone=\u00bb23px\u00bb arrow_size_last_edited=\u00bbon|tablet\u00bb _builder_version=\u00bb4.27.4&#8243; _module_preset=\u00bbdefault\u00bb custom_padding=\u00bb||||false|true\u00bb border_radii_arrow=\u00bbon|90px|90px|90px|90px\u00bb global_colors_info=\u00bb{%22gcid-secondary-color%22:%91%22dots_active_color%22,%22arrow_color%22%93,%22gcid-primary-color%22:%91%22arrow_background_color%22%93}\u00bb][\/dsm_image_carousel][et_pb_button button_url=\u00bbhttps:\/\/www.coverseal.com\/es\/proyectos\/?_gl=1*1vlg9s3*_up*MQ..*_ga*NDg2MDU3NzQ1LjE3NjU5Nzg4MzQ.*_ga_1M41YRKMXD*czE3NjU5Nzg4MzMkbzEkZzEkdDE3NjU5Nzg5MDgkajYwJGwwJGgyOTM0MDMzNTI.\u00bb button_text=\u00bbDescubra todas nuestras proyectos\u00bb button_alignment=\u00bbright\u00bb button_alignment_tablet=\u00bbcenter\u00bb button_alignment_phone=\u00bbcenter\u00bb button_alignment_last_edited=\u00bbon|tablet\u00bb _builder_version=\u00bb4.27.5&#8243; _module_preset=\u00bbdefault\u00bb custom_margin=\u00bb0px||||false|false\u00bb locked=\u00bboff\u00bb global_colors_info=\u00bb{}\u00bb][\/et_pb_button][\/et_pb_column][\/et_pb_row][\/et_pb_section]<\/p>\n","protected":false},"excerpt":{"rendered":"<p>En el coraz\u00f3n de Amberes, Anna y Luc viven en una magn\u00edfica casa solariega, una sutil combinaci\u00f3n de ladrillo rojo y marcos de ventana negros. Cuando deciden a\u00f1adir una piscina a su jard\u00edn urbano, optimizan cuidadosamente cada metro cuadrado. L\u00edneas depuradas, un ambiente elegante y el deseo de preservar el car\u00e1cter del lugar gu\u00edan su proyecto, concebido para ser una aut\u00e9ntica prolongaci\u00f3n de su activa vida cotidiana.<\/p>\n","protected":false},"author":5,"featured_media":9715,"comment_status":"closed","ping_status":"closed","template":"","meta":{"_et_pb_use_builder":"on","_et_pb_old_content":"","_et_gb_content_width":"","footnotes":""},"project_category":[],"project_tag":[],"class_list":["post-9713","project","type-project","status-publish","has-post-thumbnail","hentry"],"yoast_head":"<!-- This site is optimized with the Yoast SEO plugin v27.5 - https:\/\/yoast.com\/product\/yoast-seo-wordpress\/ -->\n<title>Primavera en casa de Anna y Luc | Coverseal<\/title>\n<meta name=\"description\" content=\"En el coraz\u00f3n de Amberes, Anna y Luc viven en una magn\u00edfica casa solariega, una sutil combinaci\u00f3n de ladrillo rojo y marcos de ventana negros.\" \/>\n<meta name=\"robots\" content=\"index, follow, max-snippet:-1, max-image-preview:large, max-video-preview:-1\" \/>\n<link rel=\"canonical\" href=\"https:\/\/www.coverseal.com\/es\/project\/primavera-en-casa-de-anna-y-luc\/\" \/>\n<meta property=\"og:locale\" content=\"es_ES\" \/>\n<meta property=\"og:type\" content=\"article\" \/>\n<meta property=\"og:title\" content=\"Primavera en casa de Anna y Luc | Coverseal\" \/>\n<meta property=\"og:description\" content=\"En el coraz\u00f3n de Amberes, Anna y Luc viven en una magn\u00edfica casa solariega, una sutil combinaci\u00f3n de ladrillo rojo y marcos de ventana negros.\" \/>\n<meta property=\"og:url\" content=\"https:\/\/www.coverseal.com\/es\/project\/primavera-en-casa-de-anna-y-luc\/\" \/>\n<meta property=\"og:site_name\" content=\"Coverseal\" \/>\n<meta property=\"article:modified_time\" content=\"2026-02-04T12:23:05+00:00\" \/>\n<meta property=\"og:image\" content=\"https:\/\/www.coverseal.com\/wp-content\/uploads\/2025\/04\/INNER-COURTYARD-21.jpg\" \/>\n\t<meta property=\"og:image:width\" content=\"1200\" \/>\n\t<meta property=\"og:image:height\" content=\"800\" \/>\n\t<meta property=\"og:image:type\" content=\"image\/jpeg\" \/>\n<meta name=\"twitter:card\" content=\"summary_large_image\" \/>\n<meta name=\"twitter:label1\" content=\"Tiempo de lectura\" \/>\n\t<meta name=\"twitter:data1\" content=\"3 minutos\" \/>\n<script type=\"application\/ld+json\" class=\"yoast-schema-graph\">{\"@context\":\"https:\\\/\\\/schema.org\",\"@graph\":[{\"@type\":\"WebPage\",\"@id\":\"https:\\\/\\\/www.coverseal.com\\\/es\\\/project\\\/primavera-en-casa-de-anna-y-luc\\\/\",\"url\":\"https:\\\/\\\/www.coverseal.com\\\/es\\\/project\\\/primavera-en-casa-de-anna-y-luc\\\/\",\"name\":\"Primavera en casa de Anna y Luc | Coverseal\",\"isPartOf\":{\"@id\":\"https:\\\/\\\/www.coverseal.com\\\/es\\\/#website\"},\"primaryImageOfPage\":{\"@id\":\"https:\\\/\\\/www.coverseal.com\\\/es\\\/project\\\/primavera-en-casa-de-anna-y-luc\\\/#primaryimage\"},\"image\":{\"@id\":\"https:\\\/\\\/www.coverseal.com\\\/es\\\/project\\\/primavera-en-casa-de-anna-y-luc\\\/#primaryimage\"},\"thumbnailUrl\":\"https:\\\/\\\/www.coverseal.com\\\/wp-content\\\/uploads\\\/2025\\\/04\\\/INNER-COURTYARD-21.jpg\",\"datePublished\":\"2025-04-02T12:19:30+00:00\",\"dateModified\":\"2026-02-04T12:23:05+00:00\",\"description\":\"En el coraz\u00f3n de Amberes, Anna y Luc viven en una magn\u00edfica casa solariega, una sutil combinaci\u00f3n de ladrillo rojo y marcos de ventana negros.\",\"breadcrumb\":{\"@id\":\"https:\\\/\\\/www.coverseal.com\\\/es\\\/project\\\/primavera-en-casa-de-anna-y-luc\\\/#breadcrumb\"},\"inLanguage\":\"es\",\"potentialAction\":[{\"@type\":\"ReadAction\",\"target\":[\"https:\\\/\\\/www.coverseal.com\\\/es\\\/project\\\/primavera-en-casa-de-anna-y-luc\\\/\"]}]},{\"@type\":\"ImageObject\",\"inLanguage\":\"es\",\"@id\":\"https:\\\/\\\/www.coverseal.com\\\/es\\\/project\\\/primavera-en-casa-de-anna-y-luc\\\/#primaryimage\",\"url\":\"https:\\\/\\\/www.coverseal.com\\\/wp-content\\\/uploads\\\/2025\\\/04\\\/INNER-COURTYARD-21.jpg\",\"contentUrl\":\"https:\\\/\\\/www.coverseal.com\\\/wp-content\\\/uploads\\\/2025\\\/04\\\/INNER-COURTYARD-21.jpg\",\"width\":1200,\"height\":800,\"caption\":\"Petite piscine rectangulaire entour\u00e9e de v\u00e9g\u00e9tation verte avec deux chaises longues bleues sur une terrasse en pierre grise.\"},{\"@type\":\"BreadcrumbList\",\"@id\":\"https:\\\/\\\/www.coverseal.com\\\/es\\\/project\\\/primavera-en-casa-de-anna-y-luc\\\/#breadcrumb\",\"itemListElement\":[{\"@type\":\"ListItem\",\"position\":1,\"name\":\"Accueil\",\"item\":\"https:\\\/\\\/www.coverseal.com\\\/es\\\/\"},{\"@type\":\"ListItem\",\"position\":2,\"name\":\"Proyectos\",\"item\":\"https:\\\/\\\/www.coverseal.com\\\/es\\\/project\\\/\"},{\"@type\":\"ListItem\",\"position\":3,\"name\":\"Primavera en casa de Anna y Luc\"}]},{\"@type\":\"WebSite\",\"@id\":\"https:\\\/\\\/www.coverseal.com\\\/es\\\/#website\",\"url\":\"https:\\\/\\\/www.coverseal.com\\\/es\\\/\",\"name\":\"Coverseal\",\"description\":\"\",\"potentialAction\":[{\"@type\":\"SearchAction\",\"target\":{\"@type\":\"EntryPoint\",\"urlTemplate\":\"https:\\\/\\\/www.coverseal.com\\\/es\\\/?s={search_term_string}\"},\"query-input\":{\"@type\":\"PropertyValueSpecification\",\"valueRequired\":true,\"valueName\":\"search_term_string\"}}],\"inLanguage\":\"es\"}]}<\/script>\n<!-- \/ Yoast SEO plugin. -->","yoast_head_json":{"title":"Primavera en casa de Anna y Luc | Coverseal","description":"En el coraz\u00f3n de Amberes, Anna y Luc viven en una magn\u00edfica casa solariega, una sutil combinaci\u00f3n de ladrillo rojo y marcos de ventana negros.","robots":{"index":"index","follow":"follow","max-snippet":"max-snippet:-1","max-image-preview":"max-image-preview:large","max-video-preview":"max-video-preview:-1"},"canonical":"https:\/\/www.coverseal.com\/es\/project\/primavera-en-casa-de-anna-y-luc\/","og_locale":"es_ES","og_type":"article","og_title":"Primavera en casa de Anna y Luc | Coverseal","og_description":"En el coraz\u00f3n de Amberes, Anna y Luc viven en una magn\u00edfica casa solariega, una sutil combinaci\u00f3n de ladrillo rojo y marcos de ventana negros.","og_url":"https:\/\/www.coverseal.com\/es\/project\/primavera-en-casa-de-anna-y-luc\/","og_site_name":"Coverseal","article_modified_time":"2026-02-04T12:23:05+00:00","og_image":[{"width":1200,"height":800,"url":"https:\/\/www.coverseal.com\/wp-content\/uploads\/2025\/04\/INNER-COURTYARD-21.jpg","type":"image\/jpeg"}],"twitter_card":"summary_large_image","twitter_misc":{"Tiempo de lectura":"3 minutos"},"schema":{"@context":"https:\/\/schema.org","@graph":[{"@type":"WebPage","@id":"https:\/\/www.coverseal.com\/es\/project\/primavera-en-casa-de-anna-y-luc\/","url":"https:\/\/www.coverseal.com\/es\/project\/primavera-en-casa-de-anna-y-luc\/","name":"Primavera en casa de Anna y Luc | Coverseal","isPartOf":{"@id":"https:\/\/www.coverseal.com\/es\/#website"},"primaryImageOfPage":{"@id":"https:\/\/www.coverseal.com\/es\/project\/primavera-en-casa-de-anna-y-luc\/#primaryimage"},"image":{"@id":"https:\/\/www.coverseal.com\/es\/project\/primavera-en-casa-de-anna-y-luc\/#primaryimage"},"thumbnailUrl":"https:\/\/www.coverseal.com\/wp-content\/uploads\/2025\/04\/INNER-COURTYARD-21.jpg","datePublished":"2025-04-02T12:19:30+00:00","dateModified":"2026-02-04T12:23:05+00:00","description":"En el coraz\u00f3n de Amberes, Anna y Luc viven en una magn\u00edfica casa solariega, una sutil combinaci\u00f3n de ladrillo rojo y marcos de ventana negros.","breadcrumb":{"@id":"https:\/\/www.coverseal.com\/es\/project\/primavera-en-casa-de-anna-y-luc\/#breadcrumb"},"inLanguage":"es","potentialAction":[{"@type":"ReadAction","target":["https:\/\/www.coverseal.com\/es\/project\/primavera-en-casa-de-anna-y-luc\/"]}]},{"@type":"ImageObject","inLanguage":"es","@id":"https:\/\/www.coverseal.com\/es\/project\/primavera-en-casa-de-anna-y-luc\/#primaryimage","url":"https:\/\/www.coverseal.com\/wp-content\/uploads\/2025\/04\/INNER-COURTYARD-21.jpg","contentUrl":"https:\/\/www.coverseal.com\/wp-content\/uploads\/2025\/04\/INNER-COURTYARD-21.jpg","width":1200,"height":800,"caption":"Petite piscine rectangulaire entour\u00e9e de v\u00e9g\u00e9tation verte avec deux chaises longues bleues sur une terrasse en pierre grise."},{"@type":"BreadcrumbList","@id":"https:\/\/www.coverseal.com\/es\/project\/primavera-en-casa-de-anna-y-luc\/#breadcrumb","itemListElement":[{"@type":"ListItem","position":1,"name":"Accueil","item":"https:\/\/www.coverseal.com\/es\/"},{"@type":"ListItem","position":2,"name":"Proyectos","item":"https:\/\/www.coverseal.com\/es\/project\/"},{"@type":"ListItem","position":3,"name":"Primavera en casa de Anna y Luc"}]},{"@type":"WebSite","@id":"https:\/\/www.coverseal.com\/es\/#website","url":"https:\/\/www.coverseal.com\/es\/","name":"Coverseal","description":"","potentialAction":[{"@type":"SearchAction","target":{"@type":"EntryPoint","urlTemplate":"https:\/\/www.coverseal.com\/es\/?s={search_term_string}"},"query-input":{"@type":"PropertyValueSpecification","valueRequired":true,"valueName":"search_term_string"}}],"inLanguage":"es"}]}},"_links":{"self":[{"href":"https:\/\/www.coverseal.com\/es\/wp-json\/wp\/v2\/project\/9713","targetHints":{"allow":["GET"]}}],"collection":[{"href":"https:\/\/www.coverseal.com\/es\/wp-json\/wp\/v2\/project"}],"about":[{"href":"https:\/\/www.coverseal.com\/es\/wp-json\/wp\/v2\/types\/project"}],"author":[{"embeddable":true,"href":"https:\/\/www.coverseal.com\/es\/wp-json\/wp\/v2\/users\/5"}],"replies":[{"embeddable":true,"href":"https:\/\/www.coverseal.com\/es\/wp-json\/wp\/v2\/comments?post=9713"}],"version-history":[{"count":10,"href":"https:\/\/www.coverseal.com\/es\/wp-json\/wp\/v2\/project\/9713\/revisions"}],"predecessor-version":[{"id":10332,"href":"https:\/\/www.coverseal.com\/es\/wp-json\/wp\/v2\/project\/9713\/revisions\/10332"}],"wp:featuredmedia":[{"embeddable":true,"href":"https:\/\/www.coverseal.com\/es\/wp-json\/wp\/v2\/media\/9715"}],"wp:attachment":[{"href":"https:\/\/www.coverseal.com\/es\/wp-json\/wp\/v2\/media?parent=9713"}],"wp:term":[{"taxonomy":"project_category","embeddable":true,"href":"https:\/\/www.coverseal.com\/es\/wp-json\/wp\/v2\/project_category?post=9713"},{"taxonomy":"project_tag","embeddable":true,"href":"https:\/\/www.coverseal.com\/es\/wp-json\/wp\/v2\/project_tag?post=9713"}],"curies":[{"name":"wp","href":"https:\/\/api.w.org\/{rel}","templated":true}]}}